{"id":1364,"date":"2022-11-10T11:30:57","date_gmt":"2022-11-10T11:30:57","guid":{"rendered":"http:\/\/www.residenciaroma.es\/serveis\/"},"modified":"2022-12-21T14:36:36","modified_gmt":"2022-12-21T14:36:36","slug":"serveis","status":"publish","type":"page","link":"https:\/\/residenciaroma.com\/ca\/serveis\/","title":{"rendered":"Serveis"},"content":{"rendered":"\t\t<div data-elementor-type=\"wp-page\" data-elementor-id=\"1364\" class=\"elementor elementor-1364 elementor-108\">\n\t\t\t\t\t\t<section class=\"elementor-section elementor-top-section elementor-element elementor-element-26101f17 elementor-section-boxed elementor-section-height-default elementor-section-height-default\" data-id=\"26101f17\" data-element_type=\"section\" data-e-type=\"section\">\n\t\t\t\t\t\t<div class=\"elementor-container elementor-column-gap-default\">\n\t\t\t\t\t<div class=\"elementor-column elementor-col-100 elementor-top-column elementor-element elementor-element-1aefae61\" data-id=\"1aefae61\" data-element_type=\"column\" data-e-type=\"column\" data-settings=\"{&quot;background_background&quot;:&quot;classic&quot;}\">\n\t\t\t<div class=\"elementor-widget-wrap elementor-element-populated\">\n\t\t\t\t\t<div class=\"elementor-background-overlay\"><\/div>\n\t\t\t\t\t\t\t<\/div>\n\t\t<\/div>\n\t\t\t\t\t<\/div>\n\t\t<\/section>\n\t\t\t\t<section class=\"elementor-section elementor-top-section elementor-element elementor-element-955d7e4 elementor-section-full_width elementor-section-height-default elementor-section-height-default\" data-id=\"955d7e4\" data-element_type=\"section\" data-e-type=\"section\" id=\"next\">\n\t\t\t\t\t\t<div class=\"elementor-container elementor-column-gap-no\">\n\t\t\t\t\t<div class=\"elementor-column elementor-col-100 elementor-top-column elementor-element elementor-element-4ed090c2\" data-id=\"4ed090c2\" data-element_type=\"column\" data-e-type=\"column\">\n\t\t\t<div class=\"elementor-widget-wrap elementor-element-populated\">\n\t\t\t\t\t\t<div class=\"elementor-element elementor-element-1d513385 elementor-widget elementor-widget-heading\" data-id=\"1d513385\" data-element_type=\"widget\" data-e-type=\"widget\" data-widget_type=\"heading.default\">\n\t\t\t\t<div class=\"elementor-widget-container\">\n\t\t\t\t\t<h2 class=\"elementor-heading-title elementor-size-default\">Els nostres serveis<\/h2>\t\t\t\t<\/div>\n\t\t\t\t<\/div>\n\t\t\t\t<section class=\"theplus-equal-height theplus-equal-height elementor-section elementor-inner-section elementor-element elementor-element-75bf6d26 elementor-section-content-top elementor-section-boxed elementor-section-height-default elementor-section-height-default\" data-tp-equal-height-loadded=\".elementor-widget-container  &gt; div  &gt; div  &gt; div  &gt; div  &gt; div  &gt; div:nth-of-type(1) .elementor-widget-container  &gt; div  &gt; div  &gt; div  &gt; div  &gt; div  &gt; div:nth-of-type(1)\" data-id=\"75bf6d26\" data-element_type=\"section\" data-e-type=\"section\">\n\t\t\t\t\t\t<div class=\"elementor-container elementor-column-gap-no\">\n\t\t\t\t\t<div class=\"elementor-column elementor-col-33 elementor-inner-column elementor-element elementor-element-2b938f8b\" data-id=\"2b938f8b\" data-element_type=\"column\" data-e-type=\"column\">\n\t\t\t<div class=\"elementor-widget-wrap elementor-element-populated\">\n\t\t\t\t\t\t<div class=\"theplus-equal-height theplus-equal-height elementor-element elementor-element-47df74f5 e-transform elementor-widget elementor-widget-tp-info-box\" data-tp-equal-height-loadded=\".elementor-widget .elementor-widget-container\" data-id=\"47df74f5\" data-element_type=\"widget\" data-e-type=\"widget\" data-settings=\"{&quot;_transform_skewX_effect&quot;:{&quot;unit&quot;:&quot;px&quot;,&quot;size&quot;:&quot;&quot;,&quot;sizes&quot;:[]},&quot;_transform_skewX_effect_tablet&quot;:{&quot;unit&quot;:&quot;deg&quot;,&quot;size&quot;:&quot;&quot;,&quot;sizes&quot;:[]},&quot;_transform_skewX_effect_mobile&quot;:{&quot;unit&quot;:&quot;deg&quot;,&quot;size&quot;:&quot;&quot;,&quot;sizes&quot;:[]},&quot;_transform_skewY_effect&quot;:{&quot;unit&quot;:&quot;px&quot;,&quot;size&quot;:&quot;&quot;,&quot;sizes&quot;:[]},&quot;_transform_skewY_effect_tablet&quot;:{&quot;unit&quot;:&quot;deg&quot;,&quot;size&quot;:&quot;&quot;,&quot;sizes&quot;:[]},&quot;_transform_skewY_effect_mobile&quot;:{&quot;unit&quot;:&quot;deg&quot;,&quot;size&quot;:&quot;&quot;,&quot;sizes&quot;:[]}}\" data-widget_type=\"tp-info-box.default\">\n\t\t\t\t<div class=\"elementor-widget-container\">\n\t\t\t\t\t<div id=\"info_box69f36864a6a1d\" class=\"pt_plus_info_box hover_normal    info_box69f36864a6a1d info-box-style_3    \"  data-id=\"info_box69f36864a6a1d\"    data-connection=\"\" data-eventtype=\"\" ><div class=\"post-inner-loop \"><div class=\"info-box-inner content_hover_effect  tp-info-nc\"   ><div class=\"info-box-bg-box     \" ><div class=\"text-center\"><div class=\"service-center  \"><div class=\"info-icon-content\"><a href=\"https:\/\/residenciaroma.com\/ca\/?page_id=1299\"><img fetchpriority=\"high\" decoding=\"async\" width=\"600\" height=\"600\" src=\"https:\/\/residenciaroma.com\/wp-content\/uploads\/2022\/11\/img-cercania-familiar.webp\" class=\"service-img\" alt=\"\" srcset=\"https:\/\/residenciaroma.com\/wp-content\/uploads\/2022\/11\/img-cercania-familiar.webp 600w, https:\/\/residenciaroma.com\/wp-content\/uploads\/2022\/11\/img-cercania-familiar-300x300.webp 300w, https:\/\/residenciaroma.com\/wp-content\/uploads\/2022\/11\/img-cercania-familiar-150x150.webp 150w\" sizes=\"(max-width: 600px) 100vw, 600px\" \/><\/a><\/div><a href=\"https:\/\/residenciaroma.com\/ca\/?page_id=1299\" ><div class=\"service-title \"> Rodalia Familiar <\/div><\/a><div class=\"service-desc\"> <p>Partim de la confian\u00e7a entre fam\u00edlia, equip i resident, tant a l'ingr\u00e9s com a l'estada. Sabem que el suport familiar \u00e9s indispensable en el nostre Treball pel benestar.<\/p>\n <\/div><\/div><\/div><div class=\"infobox-overlay-color \"><\/div><\/div><\/div><\/div><\/div>\t\t\t\t<\/div>\n\t\t\t\t<\/div>\n\t\t\t\t\t<\/div>\n\t\t<\/div>\n\t\t\t\t<div class=\"elementor-column elementor-col-33 elementor-inner-column elementor-element elementor-element-a0bf3b4\" data-id=\"a0bf3b4\" data-element_type=\"column\" data-e-type=\"column\">\n\t\t\t<div class=\"elementor-widget-wrap elementor-element-populated\">\n\t\t\t\t\t\t<div class=\"theplus-equal-height theplus-equal-height elementor-element elementor-element-7618d5d0 e-transform elementor-widget elementor-widget-tp-info-box\" data-tp-equal-height-loadded=\".elementor-widget .elementor-widget-container\" data-id=\"7618d5d0\" data-element_type=\"widget\" data-e-type=\"widget\" data-settings=\"{&quot;_transform_skewX_effect&quot;:{&quot;unit&quot;:&quot;px&quot;,&quot;size&quot;:&quot;&quot;,&quot;sizes&quot;:[]},&quot;_transform_skewX_effect_tablet&quot;:{&quot;unit&quot;:&quot;deg&quot;,&quot;size&quot;:&quot;&quot;,&quot;sizes&quot;:[]},&quot;_transform_skewX_effect_mobile&quot;:{&quot;unit&quot;:&quot;deg&quot;,&quot;size&quot;:&quot;&quot;,&quot;sizes&quot;:[]},&quot;_transform_skewY_effect&quot;:{&quot;unit&quot;:&quot;px&quot;,&quot;size&quot;:&quot;&quot;,&quot;sizes&quot;:[]},&quot;_transform_skewY_effect_tablet&quot;:{&quot;unit&quot;:&quot;deg&quot;,&quot;size&quot;:&quot;&quot;,&quot;sizes&quot;:[]},&quot;_transform_skewY_effect_mobile&quot;:{&quot;unit&quot;:&quot;deg&quot;,&quot;size&quot;:&quot;&quot;,&quot;sizes&quot;:[]}}\" data-widget_type=\"tp-info-box.default\">\n\t\t\t\t<div class=\"elementor-widget-container\">\n\t\t\t\t\t<div id=\"info_box69f36864a8798\" class=\"pt_plus_info_box hover_normal    info_box69f36864a8798 info-box-style_3    \"  data-id=\"info_box69f36864a8798\"    data-connection=\"\" data-eventtype=\"\" ><div class=\"post-inner-loop \"><div class=\"info-box-inner content_hover_effect  tp-info-nc\"   ><div class=\"info-box-bg-box     \" ><div class=\"text-center\"><div class=\"service-center  \"><div class=\"info-icon-content\"><a href=\"https:\/\/residenciaroma.com\/ca\/?page_id=1271\"><img decoding=\"async\" width=\"600\" height=\"600\" src=\"https:\/\/residenciaroma.com\/wp-content\/uploads\/2022\/11\/img_profesionalidad.webp\" class=\"service-img\" alt=\"\" srcset=\"https:\/\/residenciaroma.com\/wp-content\/uploads\/2022\/11\/img_profesionalidad.webp 600w, https:\/\/residenciaroma.com\/wp-content\/uploads\/2022\/11\/img_profesionalidad-300x300.webp 300w, https:\/\/residenciaroma.com\/wp-content\/uploads\/2022\/11\/img_profesionalidad-150x150.webp 150w\" sizes=\"(max-width: 600px) 100vw, 600px\" \/><\/a><\/div><a href=\"https:\/\/residenciaroma.com\/ca\/?page_id=1271\" ><div class=\"service-title \"> Professionalitat <\/div><\/a><div class=\"service-desc\"> <p>Comptem amb un <strong>equip altament qualificat<\/strong> i din\u00e0mic. La nostra filosofia de treball es basa en familiaritat, proximitat, empatia i atenci\u00f3 centrada a la persona.<\/p>\n <\/div><\/div><\/div><div class=\"infobox-overlay-color \"><\/div><\/div><\/div><\/div><\/div>\t\t\t\t<\/div>\n\t\t\t\t<\/div>\n\t\t\t\t\t<\/div>\n\t\t<\/div>\n\t\t\t\t<div class=\"elementor-column elementor-col-33 elementor-inner-column elementor-element elementor-element-2f81568e\" data-id=\"2f81568e\" data-element_type=\"column\" data-e-type=\"column\">\n\t\t\t<div class=\"elementor-widget-wrap elementor-element-populated\">\n\t\t\t\t\t\t<div class=\"theplus-equal-height theplus-equal-height elementor-element elementor-element-2c6c2b3d e-transform elementor-widget elementor-widget-tp-info-box\" data-tp-equal-height-loadded=\".elementor-widget .elementor-widget-container\" data-id=\"2c6c2b3d\" data-element_type=\"widget\" data-e-type=\"widget\" data-settings=\"{&quot;_transform_skewX_effect&quot;:{&quot;unit&quot;:&quot;px&quot;,&quot;size&quot;:&quot;&quot;,&quot;sizes&quot;:[]},&quot;_transform_skewX_effect_tablet&quot;:{&quot;unit&quot;:&quot;deg&quot;,&quot;size&quot;:&quot;&quot;,&quot;sizes&quot;:[]},&quot;_transform_skewX_effect_mobile&quot;:{&quot;unit&quot;:&quot;deg&quot;,&quot;size&quot;:&quot;&quot;,&quot;sizes&quot;:[]},&quot;_transform_skewY_effect&quot;:{&quot;unit&quot;:&quot;px&quot;,&quot;size&quot;:&quot;&quot;,&quot;sizes&quot;:[]},&quot;_transform_skewY_effect_tablet&quot;:{&quot;unit&quot;:&quot;deg&quot;,&quot;size&quot;:&quot;&quot;,&quot;sizes&quot;:[]},&quot;_transform_skewY_effect_mobile&quot;:{&quot;unit&quot;:&quot;deg&quot;,&quot;size&quot;:&quot;&quot;,&quot;sizes&quot;:[]}}\" data-widget_type=\"tp-info-box.default\">\n\t\t\t\t<div class=\"elementor-widget-container\">\n\t\t\t\t\t<div id=\"info_box69f36864aa97d\" class=\"pt_plus_info_box hover_normal    info_box69f36864aa97d info-box-style_3    \"  data-id=\"info_box69f36864aa97d\"    data-connection=\"\" data-eventtype=\"\" ><div class=\"post-inner-loop \"><div class=\"info-box-inner content_hover_effect  tp-info-nc\"   ><div class=\"info-box-bg-box     \" ><div class=\"text-center\"><div class=\"service-center  \"><div class=\"info-icon-content\"><a href=\"https:\/\/residenciaroma.com\/ca\/?page_id=1248\"><img decoding=\"async\" width=\"600\" height=\"600\" src=\"https:\/\/residenciaroma.com\/wp-content\/uploads\/2022\/11\/img_cocinaynutricion.webp\" class=\"service-img\" alt=\"\" srcset=\"https:\/\/residenciaroma.com\/wp-content\/uploads\/2022\/11\/img_cocinaynutricion.webp 600w, https:\/\/residenciaroma.com\/wp-content\/uploads\/2022\/11\/img_cocinaynutricion-300x300.webp 300w, https:\/\/residenciaroma.com\/wp-content\/uploads\/2022\/11\/img_cocinaynutricion-150x150.webp 150w\" sizes=\"(max-width: 600px) 100vw, 600px\" \/><\/a><\/div><a href=\"https:\/\/residenciaroma.com\/ca\/?page_id=1248\" ><div class=\"service-title \"> Cuina i nutrici\u00f3 <\/div><\/a><div class=\"service-desc\"> <p>Disposem d\u00b4una \u00e0mplia cuina, on, di\u00e0riament, elaborem els nostres men\u00fas, completament casolans. <\/p>\n <\/div><\/div><\/div><div class=\"infobox-overlay-color \"><\/div><\/div><\/div><\/div><\/div>\t\t\t\t<\/div>\n\t\t\t\t<\/div>\n\t\t\t\t\t<\/div>\n\t\t<\/div>\n\t\t\t\t\t<\/div>\n\t\t<\/section>\n\t\t\t\t<section class=\"theplus-equal-height theplus-equal-height elementor-section elementor-inner-section elementor-element elementor-element-29bb2c18 elementor-section-content-top elementor-section-boxed elementor-section-height-default elementor-section-height-default\" data-tp-equal-height-loadded=\".elementor-widget-container  &gt; div  &gt; div  &gt; div  &gt; div  &gt; div  &gt; div:nth-of-type(1) .elementor-widget-container  &gt; div  &gt; div  &gt; div  &gt; div  &gt; div  &gt; div:nth-of-type(1)\" data-id=\"29bb2c18\" data-element_type=\"section\" data-e-type=\"section\">\n\t\t\t\t\t\t<div class=\"elementor-container elementor-column-gap-no\">\n\t\t\t\t\t<div class=\"elementor-column elementor-col-33 elementor-inner-column elementor-element elementor-element-2693c045\" data-id=\"2693c045\" data-element_type=\"column\" data-e-type=\"column\">\n\t\t\t<div class=\"elementor-widget-wrap elementor-element-populated\">\n\t\t\t\t\t\t<div class=\"theplus-equal-height theplus-equal-height elementor-element elementor-element-34d5d265 e-transform elementor-widget elementor-widget-tp-info-box\" data-tp-equal-height-loadded=\".elementor-widget .elementor-widget-container\" data-id=\"34d5d265\" data-element_type=\"widget\" data-e-type=\"widget\" data-settings=\"{&quot;_transform_skewX_effect&quot;:{&quot;unit&quot;:&quot;px&quot;,&quot;size&quot;:&quot;&quot;,&quot;sizes&quot;:[]},&quot;_transform_skewX_effect_tablet&quot;:{&quot;unit&quot;:&quot;deg&quot;,&quot;size&quot;:&quot;&quot;,&quot;sizes&quot;:[]},&quot;_transform_skewX_effect_mobile&quot;:{&quot;unit&quot;:&quot;deg&quot;,&quot;size&quot;:&quot;&quot;,&quot;sizes&quot;:[]},&quot;_transform_skewY_effect&quot;:{&quot;unit&quot;:&quot;px&quot;,&quot;size&quot;:&quot;&quot;,&quot;sizes&quot;:[]},&quot;_transform_skewY_effect_tablet&quot;:{&quot;unit&quot;:&quot;deg&quot;,&quot;size&quot;:&quot;&quot;,&quot;sizes&quot;:[]},&quot;_transform_skewY_effect_mobile&quot;:{&quot;unit&quot;:&quot;deg&quot;,&quot;size&quot;:&quot;&quot;,&quot;sizes&quot;:[]}}\" data-widget_type=\"tp-info-box.default\">\n\t\t\t\t<div class=\"elementor-widget-container\">\n\t\t\t\t\t<div id=\"info_box69f36864ac41e\" class=\"pt_plus_info_box hover_normal    info_box69f36864ac41e info-box-style_3    \"  data-id=\"info_box69f36864ac41e\"    data-connection=\"\" data-eventtype=\"\" ><div class=\"post-inner-loop \"><div class=\"info-box-inner content_hover_effect  tp-info-nc\"   ><div class=\"info-box-bg-box     \" ><div class=\"text-center\"><div class=\"service-center  \"><div class=\"info-icon-content\"><a href=\"https:\/\/residenciaroma.com\/ca\/?page_id=1333\"><img loading=\"lazy\" decoding=\"async\" width=\"600\" height=\"600\" src=\"https:\/\/residenciaroma.com\/wp-content\/uploads\/2022\/11\/img_espaciosyjardines.webp\" class=\"service-img\" alt=\"\" srcset=\"https:\/\/residenciaroma.com\/wp-content\/uploads\/2022\/11\/img_espaciosyjardines.webp 600w, https:\/\/residenciaroma.com\/wp-content\/uploads\/2022\/11\/img_espaciosyjardines-300x300.webp 300w, https:\/\/residenciaroma.com\/wp-content\/uploads\/2022\/11\/img_espaciosyjardines-150x150.webp 150w\" sizes=\"(max-width: 600px) 100vw, 600px\" \/><\/a><\/div><a href=\"https:\/\/residenciaroma.com\/ca\/?page_id=1333\" ><div class=\"service-title \"> Espais oberts i jardins <\/div><\/a><div class=\"service-desc\"> <p>Situat al centre urb\u00e0 de la poblaci\u00f3, a zona tranquil\u00b7la, amb gran pati i jard\u00ed. Excel\u00b7lent comunicaci\u00f3, a 2 minuts de transport p\u00fablic. Places reservades de p\u00e0rquing.<\/p>\n <\/div><\/div><\/div><div class=\"infobox-overlay-color \"><\/div><\/div><\/div><\/div><\/div>\t\t\t\t<\/div>\n\t\t\t\t<\/div>\n\t\t\t\t\t<\/div>\n\t\t<\/div>\n\t\t\t\t<div class=\"elementor-column elementor-col-33 elementor-inner-column elementor-element elementor-element-6192b8af\" data-id=\"6192b8af\" data-element_type=\"column\" data-e-type=\"column\">\n\t\t\t<div class=\"elementor-widget-wrap elementor-element-populated\">\n\t\t\t\t\t\t<div class=\"theplus-equal-height theplus-equal-height elementor-element elementor-element-5bcad0e6 e-transform elementor-widget elementor-widget-tp-info-box\" data-tp-equal-height-loadded=\".elementor-widget .elementor-widget-container\" data-id=\"5bcad0e6\" data-element_type=\"widget\" data-e-type=\"widget\" data-settings=\"{&quot;_transform_skewX_effect&quot;:{&quot;unit&quot;:&quot;px&quot;,&quot;size&quot;:&quot;&quot;,&quot;sizes&quot;:[]},&quot;_transform_skewX_effect_tablet&quot;:{&quot;unit&quot;:&quot;deg&quot;,&quot;size&quot;:&quot;&quot;,&quot;sizes&quot;:[]},&quot;_transform_skewX_effect_mobile&quot;:{&quot;unit&quot;:&quot;deg&quot;,&quot;size&quot;:&quot;&quot;,&quot;sizes&quot;:[]},&quot;_transform_skewY_effect&quot;:{&quot;unit&quot;:&quot;px&quot;,&quot;size&quot;:&quot;&quot;,&quot;sizes&quot;:[]},&quot;_transform_skewY_effect_tablet&quot;:{&quot;unit&quot;:&quot;deg&quot;,&quot;size&quot;:&quot;&quot;,&quot;sizes&quot;:[]},&quot;_transform_skewY_effect_mobile&quot;:{&quot;unit&quot;:&quot;deg&quot;,&quot;size&quot;:&quot;&quot;,&quot;sizes&quot;:[]}}\" data-widget_type=\"tp-info-box.default\">\n\t\t\t\t<div class=\"elementor-widget-container\">\n\t\t\t\t\t<div id=\"info_box69f36864ade7b\" class=\"pt_plus_info_box hover_normal    info_box69f36864ade7b info-box-style_3    \"  data-id=\"info_box69f36864ade7b\"    data-connection=\"\" data-eventtype=\"\" ><div class=\"post-inner-loop \"><div class=\"info-box-inner content_hover_effect  tp-info-nc\"   ><div class=\"info-box-bg-box     \" ><div class=\"text-center\"><div class=\"service-center  \"><div class=\"info-icon-content\"><a href=\"https:\/\/residenciaroma.com\/ca\/?page_id=1306\"><img loading=\"lazy\" decoding=\"async\" width=\"600\" height=\"600\" src=\"https:\/\/residenciaroma.com\/wp-content\/uploads\/2022\/11\/img_actividadesyfiesta.webp\" class=\"service-img\" alt=\"\" srcset=\"https:\/\/residenciaroma.com\/wp-content\/uploads\/2022\/11\/img_actividadesyfiesta.webp 600w, https:\/\/residenciaroma.com\/wp-content\/uploads\/2022\/11\/img_actividadesyfiesta-300x300.webp 300w, https:\/\/residenciaroma.com\/wp-content\/uploads\/2022\/11\/img_actividadesyfiesta-150x150.webp 150w\" sizes=\"(max-width: 600px) 100vw, 600px\" \/><\/a><\/div><a href=\"https:\/\/residenciaroma.com\/ca\/?page_id=1306\" ><div class=\"service-title \"> Activitats i festes <\/div><\/a><div class=\"service-desc\"> <p>Mitjan\u00e7ant les activitats d'estimulaci\u00f3, mem\u00f2ria i orientaci\u00f3 ajudem els residents a situar-se en temps i espai, ia conservar-ne al m\u00e0xim les capacitats cognitives. No descuidem les activitats l\u00fadiques, perqu\u00e8 a tots ens agrada passar-nos-ho b\u00e9.<\/p>\n <\/div><\/div><\/div><div class=\"infobox-overlay-color \"><\/div><\/div><\/div><\/div><\/div>\t\t\t\t<\/div>\n\t\t\t\t<\/div>\n\t\t\t\t\t<\/div>\n\t\t<\/div>\n\t\t\t\t<div class=\"elementor-column elementor-col-33 elementor-inner-column elementor-element elementor-element-1de73f4b\" data-id=\"1de73f4b\" data-element_type=\"column\" data-e-type=\"column\">\n\t\t\t<div class=\"elementor-widget-wrap elementor-element-populated\">\n\t\t\t\t\t\t<div class=\"theplus-equal-height theplus-equal-height elementor-element elementor-element-374ddcb8 e-transform elementor-widget elementor-widget-tp-info-box\" data-tp-equal-height-loadded=\".elementor-widget .elementor-widget-container\" data-id=\"374ddcb8\" data-element_type=\"widget\" data-e-type=\"widget\" data-settings=\"{&quot;_transform_skewX_effect&quot;:{&quot;unit&quot;:&quot;px&quot;,&quot;size&quot;:&quot;&quot;,&quot;sizes&quot;:[]},&quot;_transform_skewX_effect_tablet&quot;:{&quot;unit&quot;:&quot;deg&quot;,&quot;size&quot;:&quot;&quot;,&quot;sizes&quot;:[]},&quot;_transform_skewX_effect_mobile&quot;:{&quot;unit&quot;:&quot;deg&quot;,&quot;size&quot;:&quot;&quot;,&quot;sizes&quot;:[]},&quot;_transform_skewY_effect&quot;:{&quot;unit&quot;:&quot;px&quot;,&quot;size&quot;:&quot;&quot;,&quot;sizes&quot;:[]},&quot;_transform_skewY_effect_tablet&quot;:{&quot;unit&quot;:&quot;deg&quot;,&quot;size&quot;:&quot;&quot;,&quot;sizes&quot;:[]},&quot;_transform_skewY_effect_mobile&quot;:{&quot;unit&quot;:&quot;deg&quot;,&quot;size&quot;:&quot;&quot;,&quot;sizes&quot;:[]}}\" data-widget_type=\"tp-info-box.default\">\n\t\t\t\t<div class=\"elementor-widget-container\">\n\t\t\t\t\t<div id=\"info_box69f36864af82e\" class=\"pt_plus_info_box hover_normal    info_box69f36864af82e info-box-style_3    \"  data-id=\"info_box69f36864af82e\"    data-connection=\"\" data-eventtype=\"\" ><div class=\"post-inner-loop \"><div class=\"info-box-inner content_hover_effect  tp-info-nc\"   ><div class=\"info-box-bg-box     \" ><div class=\"text-center\"><div class=\"service-center  \"><div class=\"info-icon-content\"><a href=\"https:\/\/residenciaroma.com\/ca\/?page_id=1279\"><img loading=\"lazy\" decoding=\"async\" width=\"600\" height=\"600\" src=\"https:\/\/residenciaroma.com\/wp-content\/uploads\/2022\/11\/img_plazas-1.webp\" class=\"service-img\" alt=\"\" srcset=\"https:\/\/residenciaroma.com\/wp-content\/uploads\/2022\/11\/img_plazas-1.webp 600w, https:\/\/residenciaroma.com\/wp-content\/uploads\/2022\/11\/img_plazas-1-300x300.webp 300w, https:\/\/residenciaroma.com\/wp-content\/uploads\/2022\/11\/img_plazas-1-150x150.webp 150w\" sizes=\"(max-width: 600px) 100vw, 600px\" \/><\/a><\/div><a href=\"https:\/\/residenciaroma.com\/ca\/?page_id=1279\" ><div class=\"service-title \"> Places p\u00fabliques i privades <\/div><\/a><div class=\"service-desc\"> <p>Comptem amb Places col\u00b7laboradors des de l'any 1996. Gestionem, a trav\u00e9s del nostre Treballador Social, sol\u00b7licitud de reconeixement de Depend\u00e8ncia, a m\u00e9s de qualsevol tr\u00e0mit derivat de la mateixa.<\/p>\n <\/div><\/div><\/div><div class=\"infobox-overlay-color \"><\/div><\/div><\/div><\/div><\/div>\t\t\t\t<\/div>\n\t\t\t\t<\/div>\n\t\t\t\t\t<\/div>\n\t\t<\/div>\n\t\t\t\t\t<\/div>\n\t\t<\/section>\n\t\t\t\t\t<\/div>\n\t\t<\/div>\n\t\t\t\t\t<\/div>\n\t\t<\/section>\n\t\t\t\t<\/div>\n\t\t","protected":false},"excerpt":{"rendered":"<p>Els nostres serveis Rodalia Familiar Partim de la confian\u00e7a entre fam\u00edlia, equip i resident, tant a l&#8217;ingr\u00e9s com a l&#8217;estada. Sabem que el suport familiar \u00e9s indispensable en el nostre Treball pel benestar. Professionalitat Comptem amb un equip altament qualificat i din\u00e0mic. La nostra filosofia de treball es basa en familiaritat, proximitat, empatia i atenci\u00f3 [&hellip;]<\/p>\n","protected":false},"author":1,"featured_media":0,"parent":0,"menu_order":0,"comment_status":"closed","ping_status":"closed","template":"","meta":{"footnotes":""},"class_list":["post-1364","page","type-page","status-publish","hentry"],"yoast_head":"<!-- This site is optimized with the Yoast SEO plugin v26.9 - https:\/\/yoast.com\/product\/yoast-seo-wordpress\/ -->\n<title>Serveis - RESIDENCIA GERI\u00c1TRICA ROMA<\/title>\n<meta name=\"robots\" content=\"index, follow, max-snippet:-1, max-image-preview:large, max-video-preview:-1\" \/>\n<link rel=\"canonical\" href=\"https:\/\/residenciaroma.com\/ca\/serveis\/\" \/>\n<meta property=\"og:locale\" content=\"ca_ES\" \/>\n<meta property=\"og:type\" content=\"article\" \/>\n<meta property=\"og:title\" content=\"Serveis - RESIDENCIA GERI\u00c1TRICA ROMA\" \/>\n<meta property=\"og:description\" content=\"Els nostres serveis Rodalia Familiar Partim de la confian\u00e7a entre fam\u00edlia, equip i resident, tant a l&#8217;ingr\u00e9s com a l&#8217;estada. Sabem que el suport familiar \u00e9s indispensable en el nostre Treball pel benestar. Professionalitat Comptem amb un equip altament qualificat i din\u00e0mic. La nostra filosofia de treball es basa en familiaritat, proximitat, empatia i atenci\u00f3 [&hellip;]\" \/>\n<meta property=\"og:url\" content=\"https:\/\/residenciaroma.com\/ca\/serveis\/\" \/>\n<meta property=\"og:site_name\" content=\"RESIDENCIA GERI\u00c1TRICA ROMA\" \/>\n<meta property=\"article:modified_time\" content=\"2022-12-21T14:36:36+00:00\" \/>\n<meta property=\"og:image\" content=\"https:\/\/residenciaroma.com\/wp-content\/uploads\/2022\/11\/img-cercania-familiar.webp\" \/>\n<meta name=\"twitter:card\" content=\"summary_large_image\" \/>\n<meta name=\"twitter:label1\" content=\"Temps estimat de lectura\" \/>\n\t<meta name=\"twitter:data1\" content=\"1 minut\" \/>\n<script type=\"application\/ld+json\" class=\"yoast-schema-graph\">{\"@context\":\"https:\/\/schema.org\",\"@graph\":[{\"@type\":\"WebPage\",\"@id\":\"https:\/\/residenciaroma.com\/ca\/serveis\/\",\"url\":\"https:\/\/residenciaroma.com\/ca\/serveis\/\",\"name\":\"Serveis - RESIDENCIA GERI\u00c1TRICA ROMA\",\"isPartOf\":{\"@id\":\"https:\/\/residenciaroma.com\/#website\"},\"primaryImageOfPage\":{\"@id\":\"https:\/\/residenciaroma.com\/ca\/serveis\/#primaryimage\"},\"image\":{\"@id\":\"https:\/\/residenciaroma.com\/ca\/serveis\/#primaryimage\"},\"thumbnailUrl\":\"https:\/\/residenciaroma.com\/wp-content\/uploads\/2022\/11\/img-cercania-familiar.webp\",\"datePublished\":\"2022-11-10T11:30:57+00:00\",\"dateModified\":\"2022-12-21T14:36:36+00:00\",\"breadcrumb\":{\"@id\":\"https:\/\/residenciaroma.com\/ca\/serveis\/#breadcrumb\"},\"inLanguage\":\"ca\",\"potentialAction\":[{\"@type\":\"ReadAction\",\"target\":[\"https:\/\/residenciaroma.com\/ca\/serveis\/\"]}]},{\"@type\":\"ImageObject\",\"inLanguage\":\"ca\",\"@id\":\"https:\/\/residenciaroma.com\/ca\/serveis\/#primaryimage\",\"url\":\"https:\/\/residenciaroma.com\/wp-content\/uploads\/2022\/11\/img-cercania-familiar.webp\",\"contentUrl\":\"https:\/\/residenciaroma.com\/wp-content\/uploads\/2022\/11\/img-cercania-familiar.webp\"},{\"@type\":\"BreadcrumbList\",\"@id\":\"https:\/\/residenciaroma.com\/ca\/serveis\/#breadcrumb\",\"itemListElement\":[{\"@type\":\"ListItem\",\"position\":1,\"name\":\"Portada\",\"item\":\"https:\/\/residenciaroma.com\/ca\/\"},{\"@type\":\"ListItem\",\"position\":2,\"name\":\"Serveis\"}]},{\"@type\":\"WebSite\",\"@id\":\"https:\/\/residenciaroma.com\/#website\",\"url\":\"https:\/\/residenciaroma.com\/\",\"name\":\"RESIDENCIA GERI\u00c1TRICA ROMA\",\"description\":\"Residencia para la tercera edad en Pallej\u00e0 (Barcelona). Atenci\u00f3n integral para los mayores.\",\"publisher\":{\"@id\":\"https:\/\/residenciaroma.com\/#organization\"},\"potentialAction\":[{\"@type\":\"SearchAction\",\"target\":{\"@type\":\"EntryPoint\",\"urlTemplate\":\"https:\/\/residenciaroma.com\/?s={search_term_string}\"},\"query-input\":{\"@type\":\"PropertyValueSpecification\",\"valueRequired\":true,\"valueName\":\"search_term_string\"}}],\"inLanguage\":\"ca\"},{\"@type\":\"Organization\",\"@id\":\"https:\/\/residenciaroma.com\/#organization\",\"name\":\"RESIDENCIA GERI\u00c1TRICA ROMA\",\"url\":\"https:\/\/residenciaroma.com\/\",\"logo\":{\"@type\":\"ImageObject\",\"inLanguage\":\"ca\",\"@id\":\"https:\/\/residenciaroma.com\/#\/schema\/logo\/image\/\",\"url\":\"https:\/\/residenciaroma.com\/wp-content\/uploads\/2022\/11\/logo-residencia-roma-h.svg\",\"contentUrl\":\"https:\/\/residenciaroma.com\/wp-content\/uploads\/2022\/11\/logo-residencia-roma-h.svg\",\"width\":240,\"height\":63,\"caption\":\"RESIDENCIA GERI\u00c1TRICA ROMA\"},\"image\":{\"@id\":\"https:\/\/residenciaroma.com\/#\/schema\/logo\/image\/\"}}]}<\/script>\n<!-- \/ Yoast SEO plugin. -->","yoast_head_json":{"title":"Serveis - RESIDENCIA GERI\u00c1TRICA ROMA","robots":{"index":"index","follow":"follow","max-snippet":"max-snippet:-1","max-image-preview":"max-image-preview:large","max-video-preview":"max-video-preview:-1"},"canonical":"https:\/\/residenciaroma.com\/ca\/serveis\/","og_locale":"ca_ES","og_type":"article","og_title":"Serveis - RESIDENCIA GERI\u00c1TRICA ROMA","og_description":"Els nostres serveis Rodalia Familiar Partim de la confian\u00e7a entre fam\u00edlia, equip i resident, tant a l&#8217;ingr\u00e9s com a l&#8217;estada. Sabem que el suport familiar \u00e9s indispensable en el nostre Treball pel benestar. Professionalitat Comptem amb un equip altament qualificat i din\u00e0mic. La nostra filosofia de treball es basa en familiaritat, proximitat, empatia i atenci\u00f3 [&hellip;]","og_url":"https:\/\/residenciaroma.com\/ca\/serveis\/","og_site_name":"RESIDENCIA GERI\u00c1TRICA ROMA","article_modified_time":"2022-12-21T14:36:36+00:00","og_image":[{"url":"https:\/\/residenciaroma.com\/wp-content\/uploads\/2022\/11\/img-cercania-familiar.webp","type":"","width":"","height":""}],"twitter_card":"summary_large_image","twitter_misc":{"Temps estimat de lectura":"1 minut"},"schema":{"@context":"https:\/\/schema.org","@graph":[{"@type":"WebPage","@id":"https:\/\/residenciaroma.com\/ca\/serveis\/","url":"https:\/\/residenciaroma.com\/ca\/serveis\/","name":"Serveis - RESIDENCIA GERI\u00c1TRICA ROMA","isPartOf":{"@id":"https:\/\/residenciaroma.com\/#website"},"primaryImageOfPage":{"@id":"https:\/\/residenciaroma.com\/ca\/serveis\/#primaryimage"},"image":{"@id":"https:\/\/residenciaroma.com\/ca\/serveis\/#primaryimage"},"thumbnailUrl":"https:\/\/residenciaroma.com\/wp-content\/uploads\/2022\/11\/img-cercania-familiar.webp","datePublished":"2022-11-10T11:30:57+00:00","dateModified":"2022-12-21T14:36:36+00:00","breadcrumb":{"@id":"https:\/\/residenciaroma.com\/ca\/serveis\/#breadcrumb"},"inLanguage":"ca","potentialAction":[{"@type":"ReadAction","target":["https:\/\/residenciaroma.com\/ca\/serveis\/"]}]},{"@type":"ImageObject","inLanguage":"ca","@id":"https:\/\/residenciaroma.com\/ca\/serveis\/#primaryimage","url":"https:\/\/residenciaroma.com\/wp-content\/uploads\/2022\/11\/img-cercania-familiar.webp","contentUrl":"https:\/\/residenciaroma.com\/wp-content\/uploads\/2022\/11\/img-cercania-familiar.webp"},{"@type":"BreadcrumbList","@id":"https:\/\/residenciaroma.com\/ca\/serveis\/#breadcrumb","itemListElement":[{"@type":"ListItem","position":1,"name":"Portada","item":"https:\/\/residenciaroma.com\/ca\/"},{"@type":"ListItem","position":2,"name":"Serveis"}]},{"@type":"WebSite","@id":"https:\/\/residenciaroma.com\/#website","url":"https:\/\/residenciaroma.com\/","name":"RESIDENCIA GERI\u00c1TRICA ROMA","description":"Residencia para la tercera edad en Pallej\u00e0 (Barcelona). Atenci\u00f3n integral para los mayores.","publisher":{"@id":"https:\/\/residenciaroma.com\/#organization"},"potentialAction":[{"@type":"SearchAction","target":{"@type":"EntryPoint","urlTemplate":"https:\/\/residenciaroma.com\/?s={search_term_string}"},"query-input":{"@type":"PropertyValueSpecification","valueRequired":true,"valueName":"search_term_string"}}],"inLanguage":"ca"},{"@type":"Organization","@id":"https:\/\/residenciaroma.com\/#organization","name":"RESIDENCIA GERI\u00c1TRICA ROMA","url":"https:\/\/residenciaroma.com\/","logo":{"@type":"ImageObject","inLanguage":"ca","@id":"https:\/\/residenciaroma.com\/#\/schema\/logo\/image\/","url":"https:\/\/residenciaroma.com\/wp-content\/uploads\/2022\/11\/logo-residencia-roma-h.svg","contentUrl":"https:\/\/residenciaroma.com\/wp-content\/uploads\/2022\/11\/logo-residencia-roma-h.svg","width":240,"height":63,"caption":"RESIDENCIA GERI\u00c1TRICA ROMA"},"image":{"@id":"https:\/\/residenciaroma.com\/#\/schema\/logo\/image\/"}}]}},"_links":{"self":[{"href":"https:\/\/residenciaroma.com\/ca\/wp-json\/wp\/v2\/pages\/1364","targetHints":{"allow":["GET"]}}],"collection":[{"href":"https:\/\/residenciaroma.com\/ca\/wp-json\/wp\/v2\/pages"}],"about":[{"href":"https:\/\/residenciaroma.com\/ca\/wp-json\/wp\/v2\/types\/page"}],"author":[{"embeddable":true,"href":"https:\/\/residenciaroma.com\/ca\/wp-json\/wp\/v2\/users\/1"}],"replies":[{"embeddable":true,"href":"https:\/\/residenciaroma.com\/ca\/wp-json\/wp\/v2\/comments?post=1364"}],"version-history":[{"count":3,"href":"https:\/\/residenciaroma.com\/ca\/wp-json\/wp\/v2\/pages\/1364\/revisions"}],"predecessor-version":[{"id":1370,"href":"https:\/\/residenciaroma.com\/ca\/wp-json\/wp\/v2\/pages\/1364\/revisions\/1370"}],"wp:attachment":[{"href":"https:\/\/residenciaroma.com\/ca\/wp-json\/wp\/v2\/media?parent=1364"}],"curies":[{"name":"wp","href":"https:\/\/api.w.org\/{rel}","templated":true}]}}