{"id":1361,"date":"2022-11-10T11:31:00","date_gmt":"2022-11-10T11:31:00","guid":{"rendered":"http:\/\/www.residenciaroma.es\/contacte\/"},"modified":"2022-12-21T14:36:36","modified_gmt":"2022-12-21T14:36:36","slug":"contacte","status":"publish","type":"page","link":"https:\/\/residenciaroma.com\/ca\/contacte\/","title":{"rendered":"Contacte"},"content":{"rendered":"\t\t<div data-elementor-type=\"wp-page\" data-elementor-id=\"1361\" class=\"elementor elementor-1361 elementor-118\">\n\t\t\t\t\t\t<section class=\"elementor-section elementor-top-section elementor-element elementor-element-119f1ceb elementor-section-boxed elementor-section-height-default elementor-section-height-default\" data-id=\"119f1ceb\" data-element_type=\"section\" data-e-type=\"section\">\n\t\t\t\t\t\t<div class=\"elementor-container elementor-column-gap-default\">\n\t\t\t\t\t<div class=\"elementor-column elementor-col-100 elementor-top-column elementor-element elementor-element-4258ea1f\" data-id=\"4258ea1f\" data-element_type=\"column\" data-e-type=\"column\" data-settings=\"{&quot;background_background&quot;:&quot;classic&quot;}\">\n\t\t\t<div class=\"elementor-widget-wrap elementor-element-populated\">\n\t\t\t\t\t<div class=\"elementor-background-overlay\"><\/div>\n\t\t\t\t\t\t\t<\/div>\n\t\t<\/div>\n\t\t\t\t\t<\/div>\n\t\t<\/section>\n\t\t\t\t<section class=\"elementor-section elementor-top-section elementor-element elementor-element-f89185b elementor-section-boxed elementor-section-height-default elementor-section-height-default\" data-id=\"f89185b\" data-element_type=\"section\" data-e-type=\"section\">\n\t\t\t\t\t\t<div class=\"elementor-container elementor-column-gap-default\">\n\t\t\t\t\t<div class=\"elementor-column elementor-col-50 elementor-top-column elementor-element elementor-element-eabf4c2\" data-id=\"eabf4c2\" data-element_type=\"column\" data-e-type=\"column\">\n\t\t\t<div class=\"elementor-widget-wrap elementor-element-populated\">\n\t\t\t\t\t\t<div class=\"elementor-element elementor-element-97bc696 elementor-widget elementor-widget-heading\" data-id=\"97bc696\" data-element_type=\"widget\" data-e-type=\"widget\" data-widget_type=\"heading.default\">\n\t\t\t\t<div class=\"elementor-widget-container\">\n\t\t\t\t\t<h2 class=\"elementor-heading-title elementor-size-default\">Dades de contacte<\/h2>\t\t\t\t<\/div>\n\t\t\t\t<\/div>\n\t\t\t\t<div class=\"elementor-element elementor-element-62aa99f elementor-icon-list--layout-traditional elementor-list-item-link-full_width elementor-widget elementor-widget-icon-list\" data-id=\"62aa99f\" data-element_type=\"widget\" data-e-type=\"widget\" data-widget_type=\"icon-list.default\">\n\t\t\t\t<div class=\"elementor-widget-container\">\n\t\t\t\t\t\t\t<ul class=\"elementor-icon-list-items\">\n\t\t\t\t\t\t\t<li class=\"elementor-icon-list-item\">\n\t\t\t\t\t\t\t\t\t\t\t<a href=\"tel:93%20663%2003%2050\">\n\n\t\t\t\t\t\t\t\t\t\t\t\t<span class=\"elementor-icon-list-icon\">\n\t\t\t\t\t\t\t<i aria-hidden=\"true\" class=\"fas fa-phone-alt\"><\/i>\t\t\t\t\t\t<\/span>\n\t\t\t\t\t\t\t\t\t\t<span class=\"elementor-icon-list-text\">93 663 03 50<\/span>\n\t\t\t\t\t\t\t\t\t\t\t<\/a>\n\t\t\t\t\t\t\t\t\t<\/li>\n\t\t\t\t\t\t\t\t<li class=\"elementor-icon-list-item\">\n\t\t\t\t\t\t\t\t\t\t\t<a href=\"mailto:palleja@residenciaroma.es\">\n\n\t\t\t\t\t\t\t\t\t\t\t\t<span class=\"elementor-icon-list-icon\">\n\t\t\t\t\t\t\t<i aria-hidden=\"true\" class=\"far fa-envelope\"><\/i>\t\t\t\t\t\t<\/span>\n\t\t\t\t\t\t\t\t\t\t<span class=\"elementor-icon-list-text\">palleja@residenciaroma.es<\/span>\n\t\t\t\t\t\t\t\t\t\t\t<\/a>\n\t\t\t\t\t\t\t\t\t<\/li>\n\t\t\t\t\t\t\t\t<li class=\"elementor-icon-list-item\">\n\t\t\t\t\t\t\t\t\t\t\t<span class=\"elementor-icon-list-icon\">\n\t\t\t\t\t\t\t<i aria-hidden=\"true\" class=\"fas fa-map-marker-alt\"><\/i>\t\t\t\t\t\t<\/span>\n\t\t\t\t\t\t\t\t\t\t<span class=\"elementor-icon-list-text\">Av. Generalitat 70. 08780 - Pallej\u00e0 (Barcelona)<\/span>\n\t\t\t\t\t\t\t\t\t<\/li>\n\t\t\t\t\t\t<\/ul>\n\t\t\t\t\t\t<\/div>\n\t\t\t\t<\/div>\n\t\t\t\t\t<\/div>\n\t\t<\/div>\n\t\t\t\t<div class=\"elementor-column elementor-col-50 elementor-top-column elementor-element elementor-element-3fc69a8\" data-id=\"3fc69a8\" data-element_type=\"column\" data-e-type=\"column\">\n\t\t\t<div class=\"elementor-widget-wrap elementor-element-populated\">\n\t\t\t\t\t\t<div class=\"elementor-element elementor-element-e0181ce elementor-widget elementor-widget-heading\" data-id=\"e0181ce\" data-element_type=\"widget\" data-e-type=\"widget\" data-widget_type=\"heading.default\">\n\t\t\t\t<div class=\"elementor-widget-container\">\n\t\t\t\t\t<h2 class=\"elementor-heading-title elementor-size-default\">Escriu-nos<\/h2>\t\t\t\t<\/div>\n\t\t\t\t<\/div>\n\t\t\t\t<div class=\"elementor-element elementor-element-77f298fa elementor-button-align-center elementor-widget elementor-widget-form\" data-id=\"77f298fa\" data-element_type=\"widget\" data-e-type=\"widget\" data-settings=\"{&quot;step_next_label&quot;:&quot;Next&quot;,&quot;step_previous_label&quot;:&quot;Previous&quot;,&quot;button_width&quot;:&quot;100&quot;,&quot;step_type&quot;:&quot;number_text&quot;,&quot;step_icon_shape&quot;:&quot;circle&quot;}\" data-widget_type=\"form.default\">\n\t\t\t\t<div class=\"elementor-widget-container\">\n\t\t\t\t\t\t\t<form class=\"elementor-form\" method=\"post\" name=\"Contact Form\">\n\t\t\t<input type=\"hidden\" name=\"post_id\" value=\"1361\"\/>\n\t\t\t<input type=\"hidden\" name=\"form_id\" value=\"77f298fa\"\/>\n\t\t\t<input type=\"hidden\" name=\"referer_title\" value=\"RESIDENCIA GERI\u00c1TRICA ROMA\" \/>\n\n\t\t\t\n\t\t\t<div class=\"elementor-form-fields-wrapper elementor-labels-\">\n\t\t\t\t\t\t\t\t<div class=\"elementor-field-type-text elementor-field-group elementor-column elementor-field-group-name elementor-col-100 elementor-field-required\">\n\t\t\t\t\t\t\t\t\t\t\t\t<label for=\"form-field-name\" class=\"elementor-field-label elementor-screen-only\">\n\t\t\t\t\t\t\t\tNom\t\t\t\t\t\t\t<\/label>\n\t\t\t\t\t\t\t\t\t\t\t\t\t\t<input size=\"1\" type=\"text\" name=\"form_fields[name]\" id=\"form-field-name\" class=\"elementor-field elementor-size-sm  elementor-field-textual\" placeholder=\"Nom\" required=\"required\" aria-required=\"true\">\n\t\t\t\t\t\t\t\t\t\t\t<\/div>\n\t\t\t\t\t\t\t\t<div class=\"elementor-field-type-email elementor-field-group elementor-column elementor-field-group-email elementor-col-50 elementor-field-required\">\n\t\t\t\t\t\t\t\t\t\t\t\t<label for=\"form-field-email\" class=\"elementor-field-label elementor-screen-only\">\n\t\t\t\t\t\t\t\tEmail\t\t\t\t\t\t\t<\/label>\n\t\t\t\t\t\t\t\t\t\t\t\t\t\t<input size=\"1\" type=\"email\" name=\"form_fields[email]\" id=\"form-field-email\" class=\"elementor-field elementor-size-sm  elementor-field-textual\" placeholder=\"Email\" required=\"required\" aria-required=\"true\">\n\t\t\t\t\t\t\t\t\t\t\t<\/div>\n\t\t\t\t\t\t\t\t<div class=\"elementor-field-type-tel elementor-field-group elementor-column elementor-field-group-field_6c180a9 elementor-col-50 elementor-field-required\">\n\t\t\t\t\t\t\t\t\t\t\t\t<label for=\"form-field-field_6c180a9\" class=\"elementor-field-label elementor-screen-only\">\n\t\t\t\t\t\t\t\tTel\u00e8fon\t\t\t\t\t\t\t<\/label>\n\t\t\t\t\t\t\t\t<input size=\"1\" type=\"tel\" name=\"form_fields[field_6c180a9]\" id=\"form-field-field_6c180a9\" class=\"elementor-field elementor-size-sm  elementor-field-textual\" placeholder=\"Tel\u00e8fon\" required=\"required\" aria-required=\"true\" pattern=\"[0-9()#&amp;+*-=.]+\" title=\"Only numbers and phone characters (#, -, *, etc) are accepted.\">\n\n\t\t\t\t\t\t<\/div>\n\t\t\t\t\t\t\t\t<div class=\"elementor-field-type-textarea elementor-field-group elementor-column elementor-field-group-message elementor-col-100\">\n\t\t\t\t\t\t\t\t\t\t\t\t<label for=\"form-field-message\" class=\"elementor-field-label elementor-screen-only\">\n\t\t\t\t\t\t\t\tMissatge\t\t\t\t\t\t\t<\/label>\n\t\t\t\t\t\t<textarea class=\"elementor-field-textual elementor-field  elementor-size-sm\" name=\"form_fields[message]\" id=\"form-field-message\" rows=\"4\" placeholder=\"Missatge\"><\/textarea>\t\t\t\t<\/div>\n\t\t\t\t\t\t\t\t<div class=\"elementor-field-type-acceptance elementor-field-group elementor-column elementor-field-group-field_adf28da elementor-col-100 elementor-field-required\">\n\t\t\t\t\t\t\t\t\t\t\t\t<label for=\"form-field-field_adf28da\" class=\"elementor-field-label elementor-screen-only\">\n\t\t\t\t\t\t\t\tHe llegit i accepto la pol\u00edtica de privadesa\t\t\t\t\t\t\t<\/label>\n\t\t\t\t\t\t\t\t<div class=\"elementor-field-subgroup\">\n\t\t\t<span class=\"elementor-field-option\">\n\t\t\t\t<input type=\"checkbox\" name=\"form_fields[field_adf28da]\" id=\"form-field-field_adf28da\" class=\"elementor-field elementor-size-sm  elementor-acceptance-field\" required=\"required\" aria-required=\"true\">\n\t\t\t\t<label for=\"form-field-field_adf28da\">He llegit i accepto la <a href=\"\">pol\u00edtica de privadesa<\/a><\/label>\t\t\t<\/span>\n\t\t<\/div>\n\t\t\t\t\t\t<\/div>\n\t\t\t\t\t\t\t\t<div class=\"elementor-field-group elementor-column elementor-field-type-submit elementor-col-100 e-form__buttons\">\n\t\t\t\t\t<button type=\"submit\" class=\"elementor-button elementor-size-sm\">\n\t\t\t\t\t\t<span >\n\t\t\t\t\t\t\t\t\t\t\t\t\t\t\t<span class=\" elementor-button-icon\">\n\t\t\t\t\t\t\t\t\t\t\t\t\t\t\t\t\t\t\t\t\t\t\t\t\t\t<\/span>\n\t\t\t\t\t\t\t\t\t\t\t\t\t\t\t\t\t\t\t\t\t\t<span class=\"elementor-button-text\">Enviar<\/span>\n\t\t\t\t\t\t\t\t\t\t\t\t\t<\/span>\n\t\t\t\t\t<\/button>\n\t\t\t\t<\/div>\n\t\t\t<\/div>\n\t\t<\/form>\n\t\t\t\t\t\t<\/div>\n\t\t\t\t<\/div>\n\t\t\t\t\t<\/div>\n\t\t<\/div>\n\t\t\t\t\t<\/div>\n\t\t<\/section>\n\t\t\t\t<section class=\"elementor-section elementor-top-section elementor-element elementor-element-7e035bc elementor-section-boxed elementor-section-height-default elementor-section-height-default\" data-id=\"7e035bc\" data-element_type=\"section\" data-e-type=\"section\">\n\t\t\t\t\t\t<div class=\"elementor-container elementor-column-gap-default\">\n\t\t\t\t\t<div class=\"elementor-column elementor-col-100 elementor-top-column elementor-element elementor-element-3b5a833\" data-id=\"3b5a833\" data-element_type=\"column\" data-e-type=\"column\">\n\t\t\t<div class=\"elementor-widget-wrap elementor-element-populated\">\n\t\t\t\t\t\t<div class=\"elementor-element elementor-element-da249d9 elementor-widget elementor-widget-html\" data-id=\"da249d9\" data-element_type=\"widget\" data-e-type=\"widget\" data-widget_type=\"html.default\">\n\t\t\t\t<div class=\"elementor-widget-container\">\n\t\t\t\t\t<iframe src=\"https:\/\/www.google.com\/maps\/embed?pb=!1m18!1m12!1m3!1d2991.693109362173!2d1.9945983155989444!3d41.42418010167609!2m3!1f0!2f0!3f0!3m2!1i1024!2i768!4f13.1!3m3!1m2!1s0x12a490078aafcda3%3A0xf6ba9a11e093fc11!2sResidencia%20Geri%C3%A1trica%20Roma%20Gesti%C3%B3n%20Privada!5e0!3m2!1ses!2ses!4v1668599977920!5m2!1ses!2ses\" width=\"100%\" height=\"450\" style=\"border:0;\" allowfullscreen=\"\" loading=\"lazy\" referrerpolicy=\"no-referrer-when-downgrade\"><\/iframe>\t\t\t\t<\/div>\n\t\t\t\t<\/div>\n\t\t\t\t\t<\/div>\n\t\t<\/div>\n\t\t\t\t\t<\/div>\n\t\t<\/section>\n\t\t\t\t<section class=\"elementor-section elementor-top-section elementor-element elementor-element-7322d4e9 elementor-section-full_width elementor-section-height-default elementor-section-height-default\" data-id=\"7322d4e9\" data-element_type=\"section\" data-e-type=\"section\" data-settings=\"{&quot;background_background&quot;:&quot;classic&quot;}\">\n\t\t\t\t\t\t<div class=\"elementor-container elementor-column-gap-no\">\n\t\t\t\t\t<div class=\"elementor-column elementor-col-100 elementor-top-column elementor-element elementor-element-76c74c08\" data-id=\"76c74c08\" data-element_type=\"column\" data-e-type=\"column\">\n\t\t\t<div class=\"elementor-widget-wrap elementor-element-populated\">\n\t\t\t\t\t\t<div class=\"elementor-element elementor-element-6f80f800 elementor-widget elementor-widget-heading\" data-id=\"6f80f800\" data-element_type=\"widget\" data-e-type=\"widget\" data-widget_type=\"heading.default\">\n\t\t\t\t<div class=\"elementor-widget-container\">\n\t\t\t\t\t<h2 class=\"elementor-heading-title elementor-size-default\">Horaris<\/h2>\t\t\t\t<\/div>\n\t\t\t\t<\/div>\n\t\t\t\t<section class=\"elementor-section elementor-inner-section elementor-element elementor-element-6f7232b5 elementor-section-full_width elementor-section-height-default elementor-section-height-default\" data-id=\"6f7232b5\" data-element_type=\"section\" data-e-type=\"section\">\n\t\t\t\t\t\t<div class=\"elementor-container elementor-column-gap-no\">\n\t\t\t\t\t<div class=\"elementor-column elementor-col-33 elementor-inner-column elementor-element elementor-element-a647214\" data-id=\"a647214\" data-element_type=\"column\" data-e-type=\"column\" data-settings=\"{&quot;background_background&quot;:&quot;classic&quot;}\">\n\t\t\t<div class=\"elementor-widget-wrap elementor-element-populated\">\n\t\t\t\t\t\t<div class=\"elementor-element elementor-element-67ac29cd elementor-widget elementor-widget-heading\" data-id=\"67ac29cd\" data-element_type=\"widget\" data-e-type=\"widget\" data-widget_type=\"heading.default\">\n\t\t\t\t<div class=\"elementor-widget-container\">\n\t\t\t\t\t<h3 class=\"elementor-heading-title elementor-size-default\">Visites als residents<\/h3>\t\t\t\t<\/div>\n\t\t\t\t<\/div>\n\t\t\t\t<div class=\"elementor-element elementor-element-21c9299d elementor-widget elementor-widget-text-editor\" data-id=\"21c9299d\" data-element_type=\"widget\" data-e-type=\"widget\" data-widget_type=\"text-editor.default\">\n\t\t\t\t<div class=\"elementor-widget-container\">\n\t\t\t\t\t\t\t\t\t<p>Per facilitar el funcionament correcte dels serveis i de l&#8217;atenci\u00f3 als residents, s&#8217;estableix el seg\u00fcent horari de visites:<\/p>\n<p><strong>Mat\u00ed:<\/strong> 9:00 a 13:00 h<br \/><strong>Tarda:<\/strong> 15:00 a 19:30 h<\/p>\n<p><em>Les visites fora daquest horari hauran de ser autoritzades per la Direcci\u00f3.<\/em><\/p>\n\t\t\t\t\t\t\t\t<\/div>\n\t\t\t\t<\/div>\n\t\t\t\t\t<\/div>\n\t\t<\/div>\n\t\t\t\t<div class=\"elementor-column elementor-col-33 elementor-inner-column elementor-element elementor-element-58bb0c2d\" data-id=\"58bb0c2d\" data-element_type=\"column\" data-e-type=\"column\" data-settings=\"{&quot;background_background&quot;:&quot;classic&quot;}\">\n\t\t\t<div class=\"elementor-widget-wrap elementor-element-populated\">\n\t\t\t\t\t\t<div class=\"elementor-element elementor-element-1ee7c700 elementor-widget elementor-widget-heading\" data-id=\"1ee7c700\" data-element_type=\"widget\" data-e-type=\"widget\" data-widget_type=\"heading.default\">\n\t\t\t\t<div class=\"elementor-widget-container\">\n\t\t\t\t\t<h3 class=\"elementor-heading-title elementor-size-default\">Atenci\u00f3 als familiars<\/h3>\t\t\t\t<\/div>\n\t\t\t\t<\/div>\n\t\t\t\t<div class=\"elementor-element elementor-element-7e059d4d elementor-widget elementor-widget-text-editor\" data-id=\"7e059d4d\" data-element_type=\"widget\" data-e-type=\"widget\" data-widget_type=\"text-editor.default\">\n\t\t\t\t<div class=\"elementor-widget-container\">\n\t\t\t\t\t\t\t\t\t<p>Els familiars poden rebre <strong>informaci\u00f3 general<\/strong> des de les <strong>9.00<\/strong> fins a les <strong>19.00<\/strong> h.<\/p>\n<p><em>Els informadors seran el director, la treballadora social i la supervisora.<\/em><\/p>\n\t\t\t\t\t\t\t\t<\/div>\n\t\t\t\t<\/div>\n\t\t\t\t\t<\/div>\n\t\t<\/div>\n\t\t\t\t<div class=\"elementor-column elementor-col-33 elementor-inner-column elementor-element elementor-element-69f26602\" data-id=\"69f26602\" data-element_type=\"column\" data-e-type=\"column\" data-settings=\"{&quot;background_background&quot;:&quot;classic&quot;}\">\n\t\t\t<div class=\"elementor-widget-wrap elementor-element-populated\">\n\t\t\t\t\t\t<div class=\"elementor-element elementor-element-651080a8 elementor-widget elementor-widget-heading\" data-id=\"651080a8\" data-element_type=\"widget\" data-e-type=\"widget\" data-widget_type=\"heading.default\">\n\t\t\t\t<div class=\"elementor-widget-container\">\n\t\t\t\t\t<h3 class=\"elementor-heading-title elementor-size-default\">Sortida dels residents<\/h3>\t\t\t\t<\/div>\n\t\t\t\t<\/div>\n\t\t\t\t<div class=\"elementor-element elementor-element-aaefc5e elementor-widget elementor-widget-text-editor\" data-id=\"aaefc5e\" data-element_type=\"widget\" data-e-type=\"widget\" data-widget_type=\"text-editor.default\">\n\t\t\t\t<div class=\"elementor-widget-container\">\n\t\t\t\t\t\t\t\t\t<p><strong>Mat\u00ed:<\/strong> 9:00 a 13:00 h<br \/><strong>Tarda:<\/strong> 15:00 a 19:30 h<\/p>\n<p><em>L\u00b4horari de sortides pot variar segons cada resident.<\/em><\/p>\n\t\t\t\t\t\t\t\t<\/div>\n\t\t\t\t<\/div>\n\t\t\t\t\t<\/div>\n\t\t<\/div>\n\t\t\t\t\t<\/div>\n\t\t<\/section>\n\t\t\t\t\t<\/div>\n\t\t<\/div>\n\t\t\t\t\t<\/div>\n\t\t<\/section>\n\t\t\t\t<\/div>\n\t\t","protected":false},"excerpt":{"rendered":"<p>Dades de contacte 93 663 03 50 palleja@residenciaroma.es Av. Generalitat 70. 08780 &#8211; Pallej\u00e0 (Barcelona) Escriu-nos Horaris Visites als residents Per facilitar el funcionament correcte dels serveis i de l&#8217;atenci\u00f3 als residents, s&#8217;estableix el seg\u00fcent horari de visites: Mat\u00ed: 9:00 a 13:00 hTarda: 15:00 a 19:30 h Les visites fora daquest horari hauran de ser [&hellip;]<\/p>\n","protected":false},"author":1,"featured_media":0,"parent":0,"menu_order":0,"comment_status":"closed","ping_status":"closed","template":"","meta":{"footnotes":""},"class_list":["post-1361","page","type-page","status-publish","hentry"],"yoast_head":"<!-- This site is optimized with the Yoast SEO plugin v26.9 - https:\/\/yoast.com\/product\/yoast-seo-wordpress\/ -->\n<title>Contacte - RESIDENCIA GERI\u00c1TRICA ROMA<\/title>\n<meta name=\"robots\" content=\"index, follow, max-snippet:-1, max-image-preview:large, max-video-preview:-1\" \/>\n<link rel=\"canonical\" href=\"https:\/\/residenciaroma.com\/ca\/contacte\/\" \/>\n<meta property=\"og:locale\" content=\"ca_ES\" \/>\n<meta property=\"og:type\" content=\"article\" \/>\n<meta property=\"og:title\" content=\"Contacte - RESIDENCIA GERI\u00c1TRICA ROMA\" \/>\n<meta property=\"og:description\" content=\"Dades de contacte 93 663 03 50 palleja@residenciaroma.es Av. Generalitat 70. 08780 &#8211; Pallej\u00e0 (Barcelona) Escriu-nos Horaris Visites als residents Per facilitar el funcionament correcte dels serveis i de l&#8217;atenci\u00f3 als residents, s&#8217;estableix el seg\u00fcent horari de visites: Mat\u00ed: 9:00 a 13:00 hTarda: 15:00 a 19:30 h Les visites fora daquest horari hauran de ser [&hellip;]\" \/>\n<meta property=\"og:url\" content=\"https:\/\/residenciaroma.com\/ca\/contacte\/\" \/>\n<meta property=\"og:site_name\" content=\"RESIDENCIA GERI\u00c1TRICA ROMA\" \/>\n<meta property=\"article:modified_time\" content=\"2022-12-21T14:36:36+00:00\" \/>\n<meta name=\"twitter:card\" content=\"summary_large_image\" \/>\n<script type=\"application\/ld+json\" class=\"yoast-schema-graph\">{\"@context\":\"https:\/\/schema.org\",\"@graph\":[{\"@type\":\"WebPage\",\"@id\":\"https:\/\/residenciaroma.com\/ca\/contacte\/\",\"url\":\"https:\/\/residenciaroma.com\/ca\/contacte\/\",\"name\":\"Contacte - RESIDENCIA GERI\u00c1TRICA ROMA\",\"isPartOf\":{\"@id\":\"https:\/\/residenciaroma.com\/#website\"},\"datePublished\":\"2022-11-10T11:31:00+00:00\",\"dateModified\":\"2022-12-21T14:36:36+00:00\",\"breadcrumb\":{\"@id\":\"https:\/\/residenciaroma.com\/ca\/contacte\/#breadcrumb\"},\"inLanguage\":\"ca\",\"potentialAction\":[{\"@type\":\"ReadAction\",\"target\":[\"https:\/\/residenciaroma.com\/ca\/contacte\/\"]}]},{\"@type\":\"BreadcrumbList\",\"@id\":\"https:\/\/residenciaroma.com\/ca\/contacte\/#breadcrumb\",\"itemListElement\":[{\"@type\":\"ListItem\",\"position\":1,\"name\":\"Portada\",\"item\":\"https:\/\/residenciaroma.com\/ca\/\"},{\"@type\":\"ListItem\",\"position\":2,\"name\":\"Contacte\"}]},{\"@type\":\"WebSite\",\"@id\":\"https:\/\/residenciaroma.com\/#website\",\"url\":\"https:\/\/residenciaroma.com\/\",\"name\":\"RESIDENCIA GERI\u00c1TRICA ROMA\",\"description\":\"Residencia para la tercera edad en Pallej\u00e0 (Barcelona). Atenci\u00f3n integral para los mayores.\",\"publisher\":{\"@id\":\"https:\/\/residenciaroma.com\/#organization\"},\"potentialAction\":[{\"@type\":\"SearchAction\",\"target\":{\"@type\":\"EntryPoint\",\"urlTemplate\":\"https:\/\/residenciaroma.com\/?s={search_term_string}\"},\"query-input\":{\"@type\":\"PropertyValueSpecification\",\"valueRequired\":true,\"valueName\":\"search_term_string\"}}],\"inLanguage\":\"ca\"},{\"@type\":\"Organization\",\"@id\":\"https:\/\/residenciaroma.com\/#organization\",\"name\":\"RESIDENCIA GERI\u00c1TRICA ROMA\",\"url\":\"https:\/\/residenciaroma.com\/\",\"logo\":{\"@type\":\"ImageObject\",\"inLanguage\":\"ca\",\"@id\":\"https:\/\/residenciaroma.com\/#\/schema\/logo\/image\/\",\"url\":\"https:\/\/residenciaroma.com\/wp-content\/uploads\/2022\/11\/logo-residencia-roma-h.svg\",\"contentUrl\":\"https:\/\/residenciaroma.com\/wp-content\/uploads\/2022\/11\/logo-residencia-roma-h.svg\",\"width\":240,\"height\":63,\"caption\":\"RESIDENCIA GERI\u00c1TRICA ROMA\"},\"image\":{\"@id\":\"https:\/\/residenciaroma.com\/#\/schema\/logo\/image\/\"}}]}<\/script>\n<!-- \/ Yoast SEO plugin. -->","yoast_head_json":{"title":"Contacte - RESIDENCIA GERI\u00c1TRICA ROMA","robots":{"index":"index","follow":"follow","max-snippet":"max-snippet:-1","max-image-preview":"max-image-preview:large","max-video-preview":"max-video-preview:-1"},"canonical":"https:\/\/residenciaroma.com\/ca\/contacte\/","og_locale":"ca_ES","og_type":"article","og_title":"Contacte - RESIDENCIA GERI\u00c1TRICA ROMA","og_description":"Dades de contacte 93 663 03 50 palleja@residenciaroma.es Av. Generalitat 70. 08780 &#8211; Pallej\u00e0 (Barcelona) Escriu-nos Horaris Visites als residents Per facilitar el funcionament correcte dels serveis i de l&#8217;atenci\u00f3 als residents, s&#8217;estableix el seg\u00fcent horari de visites: Mat\u00ed: 9:00 a 13:00 hTarda: 15:00 a 19:30 h Les visites fora daquest horari hauran de ser [&hellip;]","og_url":"https:\/\/residenciaroma.com\/ca\/contacte\/","og_site_name":"RESIDENCIA GERI\u00c1TRICA ROMA","article_modified_time":"2022-12-21T14:36:36+00:00","twitter_card":"summary_large_image","schema":{"@context":"https:\/\/schema.org","@graph":[{"@type":"WebPage","@id":"https:\/\/residenciaroma.com\/ca\/contacte\/","url":"https:\/\/residenciaroma.com\/ca\/contacte\/","name":"Contacte - RESIDENCIA GERI\u00c1TRICA ROMA","isPartOf":{"@id":"https:\/\/residenciaroma.com\/#website"},"datePublished":"2022-11-10T11:31:00+00:00","dateModified":"2022-12-21T14:36:36+00:00","breadcrumb":{"@id":"https:\/\/residenciaroma.com\/ca\/contacte\/#breadcrumb"},"inLanguage":"ca","potentialAction":[{"@type":"ReadAction","target":["https:\/\/residenciaroma.com\/ca\/contacte\/"]}]},{"@type":"BreadcrumbList","@id":"https:\/\/residenciaroma.com\/ca\/contacte\/#breadcrumb","itemListElement":[{"@type":"ListItem","position":1,"name":"Portada","item":"https:\/\/residenciaroma.com\/ca\/"},{"@type":"ListItem","position":2,"name":"Contacte"}]},{"@type":"WebSite","@id":"https:\/\/residenciaroma.com\/#website","url":"https:\/\/residenciaroma.com\/","name":"RESIDENCIA GERI\u00c1TRICA ROMA","description":"Residencia para la tercera edad en Pallej\u00e0 (Barcelona). Atenci\u00f3n integral para los mayores.","publisher":{"@id":"https:\/\/residenciaroma.com\/#organization"},"potentialAction":[{"@type":"SearchAction","target":{"@type":"EntryPoint","urlTemplate":"https:\/\/residenciaroma.com\/?s={search_term_string}"},"query-input":{"@type":"PropertyValueSpecification","valueRequired":true,"valueName":"search_term_string"}}],"inLanguage":"ca"},{"@type":"Organization","@id":"https:\/\/residenciaroma.com\/#organization","name":"RESIDENCIA GERI\u00c1TRICA ROMA","url":"https:\/\/residenciaroma.com\/","logo":{"@type":"ImageObject","inLanguage":"ca","@id":"https:\/\/residenciaroma.com\/#\/schema\/logo\/image\/","url":"https:\/\/residenciaroma.com\/wp-content\/uploads\/2022\/11\/logo-residencia-roma-h.svg","contentUrl":"https:\/\/residenciaroma.com\/wp-content\/uploads\/2022\/11\/logo-residencia-roma-h.svg","width":240,"height":63,"caption":"RESIDENCIA GERI\u00c1TRICA ROMA"},"image":{"@id":"https:\/\/residenciaroma.com\/#\/schema\/logo\/image\/"}}]}},"_links":{"self":[{"href":"https:\/\/residenciaroma.com\/ca\/wp-json\/wp\/v2\/pages\/1361","targetHints":{"allow":["GET"]}}],"collection":[{"href":"https:\/\/residenciaroma.com\/ca\/wp-json\/wp\/v2\/pages"}],"about":[{"href":"https:\/\/residenciaroma.com\/ca\/wp-json\/wp\/v2\/types\/page"}],"author":[{"embeddable":true,"href":"https:\/\/residenciaroma.com\/ca\/wp-json\/wp\/v2\/users\/1"}],"replies":[{"embeddable":true,"href":"https:\/\/residenciaroma.com\/ca\/wp-json\/wp\/v2\/comments?post=1361"}],"version-history":[{"count":3,"href":"https:\/\/residenciaroma.com\/ca\/wp-json\/wp\/v2\/pages\/1361\/revisions"}],"predecessor-version":[{"id":1366,"href":"https:\/\/residenciaroma.com\/ca\/wp-json\/wp\/v2\/pages\/1361\/revisions\/1366"}],"wp:attachment":[{"href":"https:\/\/residenciaroma.com\/ca\/wp-json\/wp\/v2\/media?parent=1361"}],"curies":[{"name":"wp","href":"https:\/\/api.w.org\/{rel}","templated":true}]}}