{"id":1279,"date":"2022-11-17T11:35:42","date_gmt":"2022-11-17T11:35:42","guid":{"rendered":"http:\/\/www.residenciaroma.es\/places-publiques-i-privades\/"},"modified":"2022-12-21T14:36:12","modified_gmt":"2022-12-21T14:36:12","slug":"places-publiques-i-privades","status":"publish","type":"page","link":"https:\/\/residenciaroma.com\/ca\/serveis\/places-publiques-i-privades\/","title":{"rendered":"Places p\u00fabliques i privades"},"content":{"rendered":"\t\t<div data-elementor-type=\"wp-page\" data-elementor-id=\"1279\" class=\"elementor elementor-1279 elementor-893\">\n\t\t\t\t\t\t<section class=\"elementor-section elementor-top-section elementor-element elementor-element-6e6b2654 elementor-section-boxed elementor-section-height-default elementor-section-height-default\" data-id=\"6e6b2654\" data-element_type=\"section\" data-e-type=\"section\">\n\t\t\t\t\t\t<div class=\"elementor-container elementor-column-gap-default\">\n\t\t\t\t\t<div class=\"elementor-column elementor-col-100 elementor-top-column elementor-element elementor-element-36eab4f6\" data-id=\"36eab4f6\" data-element_type=\"column\" data-e-type=\"column\" data-settings=\"{&quot;background_background&quot;:&quot;classic&quot;}\">\n\t\t\t<div class=\"elementor-widget-wrap elementor-element-populated\">\n\t\t\t\t\t<div class=\"elementor-background-overlay\"><\/div>\n\t\t\t\t\t\t\t<\/div>\n\t\t<\/div>\n\t\t\t\t\t<\/div>\n\t\t<\/section>\n\t\t\t\t<section class=\"elementor-section elementor-top-section elementor-element elementor-element-f5805a1 elementor-section-content-middle elementor-section-boxed elementor-section-height-default elementor-section-height-default\" data-id=\"f5805a1\" data-element_type=\"section\" data-e-type=\"section\" id=\"cercania_familiar\">\n\t\t\t\t\t\t<div class=\"elementor-container elementor-column-gap-default\">\n\t\t\t\t\t<div class=\"elementor-column elementor-col-66 elementor-top-column elementor-element elementor-element-30449a9\" data-id=\"30449a9\" data-element_type=\"column\" data-e-type=\"column\">\n\t\t\t<div class=\"elementor-widget-wrap elementor-element-populated\">\n\t\t\t\t\t\t<div class=\"elementor-element elementor-element-5aa862c elementor-widget elementor-widget-text-editor\" data-id=\"5aa862c\" data-element_type=\"widget\" data-e-type=\"widget\" data-widget_type=\"text-editor.default\">\n\t\t\t\t<div class=\"elementor-widget-container\">\n\t\t\t\t\t\t\t\t\t<p>Comptem amb Places col\u00b7laboradors des de l&#8217;any 1996. Gestionem, a trav\u00e9s del nostre Treballador Social, sol\u00b7licitud de reconeixement de Depend\u00e8ncia, a m\u00e9s de qualsevol tr\u00e0mit derivat de la mateixa.<\/p>\n\t\t\t\t\t\t\t\t<\/div>\n\t\t\t\t<\/div>\n\t\t\t\t\t<\/div>\n\t\t<\/div>\n\t\t\t\t<div class=\"elementor-column elementor-col-33 elementor-top-column elementor-element elementor-element-8b0a16c\" data-id=\"8b0a16c\" data-element_type=\"column\" data-e-type=\"column\">\n\t\t\t<div class=\"elementor-widget-wrap elementor-element-populated\">\n\t\t\t\t\t\t<div class=\"elementor-element elementor-element-588c0c4 elementor-widget elementor-widget-image\" data-id=\"588c0c4\" data-element_type=\"widget\" data-e-type=\"widget\" data-widget_type=\"image.default\">\n\t\t\t\t<div class=\"elementor-widget-container\">\n\t\t\t\t\t\t\t\t\t\t\t\t\t\t\t<img fetchpriority=\"high\" decoding=\"async\" width=\"1200\" height=\"348\" src=\"https:\/\/residenciaroma.com\/wp-content\/uploads\/2022\/11\/logo_G_Catalunya.webp\" class=\"attachment-full size-full wp-image-372\" alt=\"\" srcset=\"https:\/\/residenciaroma.com\/wp-content\/uploads\/2022\/11\/logo_G_Catalunya.webp 1200w, https:\/\/residenciaroma.com\/wp-content\/uploads\/2022\/11\/logo_G_Catalunya-300x87.webp 300w, https:\/\/residenciaroma.com\/wp-content\/uploads\/2022\/11\/logo_G_Catalunya-1024x297.webp 1024w, https:\/\/residenciaroma.com\/wp-content\/uploads\/2022\/11\/logo_G_Catalunya-768x223.webp 768w\" sizes=\"(max-width: 1200px) 100vw, 1200px\" \/>\t\t\t\t\t\t\t\t\t\t\t\t\t\t\t<\/div>\n\t\t\t\t<\/div>\n\t\t\t\t\t<\/div>\n\t\t<\/div>\n\t\t\t\t\t<\/div>\n\t\t<\/section>\n\t\t\t\t<section class=\"elementor-section elementor-top-section elementor-element elementor-element-d0b8d99 elementor-section-boxed elementor-section-height-default elementor-section-height-default\" data-id=\"d0b8d99\" data-element_type=\"section\" data-e-type=\"section\">\n\t\t\t\t\t\t<div class=\"elementor-container elementor-column-gap-default\">\n\t\t\t\t\t<div class=\"elementor-column elementor-col-100 elementor-top-column elementor-element elementor-element-adaf95a\" data-id=\"adaf95a\" data-element_type=\"column\" data-e-type=\"column\">\n\t\t\t<div class=\"elementor-widget-wrap elementor-element-populated\">\n\t\t\t\t\t\t<section class=\"elementor-section elementor-inner-section elementor-element elementor-element-4ecf518 elementor-section-boxed elementor-section-height-default elementor-section-height-default\" data-id=\"4ecf518\" data-element_type=\"section\" data-e-type=\"section\">\n\t\t\t\t\t\t<div class=\"elementor-container elementor-column-gap-default\">\n\t\t\t\t\t<div class=\"elementor-column elementor-col-33 elementor-inner-column elementor-element elementor-element-8acc1ed\" data-id=\"8acc1ed\" data-element_type=\"column\" data-e-type=\"column\">\n\t\t\t<div class=\"elementor-widget-wrap\">\n\t\t\t\t\t\t\t<\/div>\n\t\t<\/div>\n\t\t\t\t<div class=\"elementor-column elementor-col-33 elementor-inner-column elementor-element elementor-element-d335d1f\" data-id=\"d335d1f\" data-element_type=\"column\" data-e-type=\"column\">\n\t\t\t<div class=\"elementor-widget-wrap elementor-element-populated\">\n\t\t\t\t\t\t<div class=\"elementor-element elementor-element-1446684 elementor-widget elementor-widget-heading\" data-id=\"1446684\" data-element_type=\"widget\" data-e-type=\"widget\" data-widget_type=\"heading.default\">\n\t\t\t\t<div class=\"elementor-widget-container\">\n\t\t\t\t\t<h2 class=\"elementor-heading-title elementor-size-default\">Demana informaci\u00f3<\/h2>\t\t\t\t<\/div>\n\t\t\t\t<\/div>\n\t\t\t\t<div class=\"elementor-element elementor-element-a2d364e elementor-widget elementor-widget-tp-contact-form-7\" data-id=\"a2d364e\" data-element_type=\"widget\" data-e-type=\"widget\" data-widget_type=\"tp-contact-form-7.default\">\n\t\t\t\t<div class=\"elementor-widget-container\">\n\t\t\t\t\t<div class=\"theplus-contact-form style-1 plus-cf7-custom text-left   \" >\n<div class=\"wpcf7 no-js\" id=\"wpcf7-f895-o1\" lang=\"es-ES\" dir=\"ltr\" data-wpcf7-id=\"895\">\n<div class=\"screen-reader-response\"><p role=\"status\" aria-live=\"polite\" aria-atomic=\"true\"><\/p> <ul><\/ul><\/div>\n<form action=\"\/ca\/wp-json\/wp\/v2\/pages\/1279#wpcf7-f895-o1\" method=\"post\" class=\"wpcf7-form init\" aria-label=\"Formulario de contacto\" novalidate=\"novalidate\" data-status=\"init\">\n<fieldset class=\"hidden-fields-container\"><input type=\"hidden\" name=\"_wpcf7\" value=\"895\" \/><input type=\"hidden\" name=\"_wpcf7_version\" value=\"6.1.4\" \/><input type=\"hidden\" name=\"_wpcf7_locale\" value=\"es_ES\" \/><input type=\"hidden\" name=\"_wpcf7_unit_tag\" value=\"wpcf7-f895-o1\" \/><input type=\"hidden\" name=\"_wpcf7_container_post\" value=\"0\" \/><input type=\"hidden\" name=\"_wpcf7_posted_data_hash\" value=\"\" \/><input type=\"hidden\" name=\"_wpcf7_recaptcha_response\" value=\"\" \/>\n<\/fieldset>\n<div class=\"row\">\n\t<p class=\"col-lg-6\"><span class=\"wpcf7-form-control-wrap\" data-name=\"your-name\"><input size=\"40\" maxlength=\"400\" class=\"wpcf7-form-control wpcf7-text wpcf7-validates-as-required\" aria-required=\"true\" aria-invalid=\"false\" placeholder=\"Nombre\" value=\"\" type=\"text\" name=\"your-name\" \/><\/span>\n\t<\/p>\n\t<p class=\"col-lg-6\"><span class=\"wpcf7-form-control-wrap\" data-name=\"your-apellidos\"><input size=\"40\" maxlength=\"400\" class=\"wpcf7-form-control wpcf7-text wpcf7-validates-as-required\" aria-required=\"true\" aria-invalid=\"false\" placeholder=\"Apellidos\" value=\"\" type=\"text\" name=\"your-apellidos\" \/><\/span>\n\t<\/p>\n\t<p class=\"col-lg-6\"><span class=\"wpcf7-form-control-wrap\" data-name=\"your-email\"><input size=\"40\" maxlength=\"400\" class=\"wpcf7-form-control wpcf7-text wpcf7-validates-as-required\" aria-required=\"true\" aria-invalid=\"false\" placeholder=\"Email\" value=\"\" type=\"text\" name=\"your-email\" \/><\/span>\n\t<\/p>\n\t<p class=\"col-lg-6\"><span class=\"wpcf7-form-control-wrap\" data-name=\"telf\"><input size=\"40\" maxlength=\"400\" class=\"wpcf7-form-control wpcf7-text wpcf7-validates-as-required\" aria-required=\"true\" aria-invalid=\"false\" placeholder=\"Tel\u00e9fono\" value=\"\" type=\"text\" name=\"telf\" \/><\/span>\n\t<\/p>\n\t<p class=\"col-lg-12\"><span class=\"wpcf7-form-control-wrap\" data-name=\"mensaje\"><textarea cols=\"40\" rows=\"10\" maxlength=\"2000\" class=\"wpcf7-form-control wpcf7-textarea wpcf7-validates-as-required\" aria-required=\"true\" aria-invalid=\"false\" placeholder=\"Mensaje\" name=\"mensaje\"><\/textarea><\/span>\n\t<\/p>\n\t<p class=\"col-lg-12\" style=\"color:#ffffff; font-size:15px;\"><span class=\"wpcf7-form-control-wrap\" data-name=\"publi\"><span class=\"wpcf7-form-control wpcf7-acceptance\"><span class=\"wpcf7-list-item\"><label><input type=\"checkbox\" name=\"publi\" value=\"1\" aria-invalid=\"false\" \/><span class=\"wpcf7-list-item-label\">Acepto recibir ofertas y promociones <\/a><\/span><\/label><\/span><\/span><\/span>\n\t<\/p>\n\t<p class=\"col-lg-12\" style=\"color:#ffffff; font-size:15px;\"><span class=\"wpcf7-form-control-wrap\" data-name=\"politica\"><span class=\"wpcf7-form-control wpcf7-acceptance\"><span class=\"wpcf7-list-item\"><label><input type=\"checkbox\" name=\"politica\" value=\"1\" aria-invalid=\"false\" \/><span class=\"wpcf7-list-item-label\">He le\u00eddo y acepto la <a href=\"\/politica-privacidad\/\">Pol\u00edtica de privacidad <\/a><\/span><\/label><\/span><\/span><\/span>\n\t<\/p>\n\t<p class=\"col-lg-auto\"><input class=\"wpcf7-form-control wpcf7-submit has-spinner btn btn-color-white\" type=\"submit\" value=\"Enviar\" \/>\n\t<\/p>\n<\/div><div class=\"wpcf7-response-output\" aria-hidden=\"true\"><\/div>\n<\/form>\n<\/div>\n<\/div>\t\t\t\t<\/div>\n\t\t\t\t<\/div>\n\t\t\t\t\t<\/div>\n\t\t<\/div>\n\t\t\t\t<div class=\"elementor-column elementor-col-33 elementor-inner-column elementor-element elementor-element-75fec10\" data-id=\"75fec10\" data-element_type=\"column\" data-e-type=\"column\">\n\t\t\t<div class=\"elementor-widget-wrap\">\n\t\t\t\t\t\t\t<\/div>\n\t\t<\/div>\n\t\t\t\t\t<\/div>\n\t\t<\/section>\n\t\t\t\t\t<\/div>\n\t\t<\/div>\n\t\t\t\t\t<\/div>\n\t\t<\/section>\n\t\t\t\t<\/div>\n\t\t","protected":false},"excerpt":{"rendered":"<p>Comptem amb Places col\u00b7laboradors des de l&#8217;any 1996. Gestionem, a trav\u00e9s del nostre Treballador Social, sol\u00b7licitud de reconeixement de Depend\u00e8ncia, a m\u00e9s de qualsevol tr\u00e0mit derivat de la mateixa. Demana informaci\u00f3 Acepto recibir ofertas y promociones He le\u00eddo y acepto la Pol\u00edtica de privacidad<\/p>\n","protected":false},"author":1,"featured_media":0,"parent":1364,"menu_order":0,"comment_status":"closed","ping_status":"closed","template":"","meta":{"footnotes":""},"class_list":["post-1279","page","type-page","status-publish","hentry"],"yoast_head":"<!-- This site is optimized with the Yoast SEO plugin v26.9 - https:\/\/yoast.com\/product\/yoast-seo-wordpress\/ -->\n<title>Places p\u00fabliques i privades - RESIDENCIA GERI\u00c1TRICA ROMA<\/title>\n<meta name=\"robots\" content=\"index, follow, max-snippet:-1, max-image-preview:large, max-video-preview:-1\" \/>\n<link rel=\"canonical\" href=\"https:\/\/residenciaroma.com\/ca\/serveis\/places-publiques-i-privades\/\" \/>\n<meta property=\"og:locale\" content=\"ca_ES\" \/>\n<meta property=\"og:type\" content=\"article\" \/>\n<meta property=\"og:title\" content=\"Places p\u00fabliques i privades - RESIDENCIA GERI\u00c1TRICA ROMA\" \/>\n<meta property=\"og:description\" content=\"Comptem amb Places col\u00b7laboradors des de l&#8217;any 1996. Gestionem, a trav\u00e9s del nostre Treballador Social, sol\u00b7licitud de reconeixement de Depend\u00e8ncia, a m\u00e9s de qualsevol tr\u00e0mit derivat de la mateixa. Demana informaci\u00f3 Acepto recibir ofertas y promociones He le\u00eddo y acepto la Pol\u00edtica de privacidad\" \/>\n<meta property=\"og:url\" content=\"https:\/\/residenciaroma.com\/ca\/serveis\/places-publiques-i-privades\/\" \/>\n<meta property=\"og:site_name\" content=\"RESIDENCIA GERI\u00c1TRICA ROMA\" \/>\n<meta property=\"article:modified_time\" content=\"2022-12-21T14:36:12+00:00\" \/>\n<meta property=\"og:image\" content=\"https:\/\/residenciaroma.com\/wp-content\/uploads\/2022\/11\/logo_G_Catalunya.webp\" \/>\n<meta name=\"twitter:card\" content=\"summary_large_image\" \/>\n<script type=\"application\/ld+json\" class=\"yoast-schema-graph\">{\"@context\":\"https:\/\/schema.org\",\"@graph\":[{\"@type\":\"WebPage\",\"@id\":\"https:\/\/residenciaroma.com\/ca\/serveis\/places-publiques-i-privades\/\",\"url\":\"https:\/\/residenciaroma.com\/ca\/serveis\/places-publiques-i-privades\/\",\"name\":\"Places p\u00fabliques i privades - RESIDENCIA GERI\u00c1TRICA ROMA\",\"isPartOf\":{\"@id\":\"https:\/\/residenciaroma.com\/#website\"},\"primaryImageOfPage\":{\"@id\":\"https:\/\/residenciaroma.com\/ca\/serveis\/places-publiques-i-privades\/#primaryimage\"},\"image\":{\"@id\":\"https:\/\/residenciaroma.com\/ca\/serveis\/places-publiques-i-privades\/#primaryimage\"},\"thumbnailUrl\":\"https:\/\/residenciaroma.com\/wp-content\/uploads\/2022\/11\/logo_G_Catalunya.webp\",\"datePublished\":\"2022-11-17T11:35:42+00:00\",\"dateModified\":\"2022-12-21T14:36:12+00:00\",\"breadcrumb\":{\"@id\":\"https:\/\/residenciaroma.com\/ca\/serveis\/places-publiques-i-privades\/#breadcrumb\"},\"inLanguage\":\"ca\",\"potentialAction\":[{\"@type\":\"ReadAction\",\"target\":[\"https:\/\/residenciaroma.com\/ca\/serveis\/places-publiques-i-privades\/\"]}]},{\"@type\":\"ImageObject\",\"inLanguage\":\"ca\",\"@id\":\"https:\/\/residenciaroma.com\/ca\/serveis\/places-publiques-i-privades\/#primaryimage\",\"url\":\"https:\/\/residenciaroma.com\/wp-content\/uploads\/2022\/11\/logo_G_Catalunya.webp\",\"contentUrl\":\"https:\/\/residenciaroma.com\/wp-content\/uploads\/2022\/11\/logo_G_Catalunya.webp\"},{\"@type\":\"BreadcrumbList\",\"@id\":\"https:\/\/residenciaroma.com\/ca\/serveis\/places-publiques-i-privades\/#breadcrumb\",\"itemListElement\":[{\"@type\":\"ListItem\",\"position\":1,\"name\":\"Portada\",\"item\":\"https:\/\/residenciaroma.com\/ca\/\"},{\"@type\":\"ListItem\",\"position\":2,\"name\":\"Serveis\",\"item\":\"https:\/\/residenciaroma.com\/ca\/serveis\/\"},{\"@type\":\"ListItem\",\"position\":3,\"name\":\"Places p\u00fabliques i privades\"}]},{\"@type\":\"WebSite\",\"@id\":\"https:\/\/residenciaroma.com\/#website\",\"url\":\"https:\/\/residenciaroma.com\/\",\"name\":\"RESIDENCIA GERI\u00c1TRICA ROMA\",\"description\":\"Residencia para la tercera edad en Pallej\u00e0 (Barcelona). Atenci\u00f3n integral para los mayores.\",\"publisher\":{\"@id\":\"https:\/\/residenciaroma.com\/#organization\"},\"potentialAction\":[{\"@type\":\"SearchAction\",\"target\":{\"@type\":\"EntryPoint\",\"urlTemplate\":\"https:\/\/residenciaroma.com\/?s={search_term_string}\"},\"query-input\":{\"@type\":\"PropertyValueSpecification\",\"valueRequired\":true,\"valueName\":\"search_term_string\"}}],\"inLanguage\":\"ca\"},{\"@type\":\"Organization\",\"@id\":\"https:\/\/residenciaroma.com\/#organization\",\"name\":\"RESIDENCIA GERI\u00c1TRICA ROMA\",\"url\":\"https:\/\/residenciaroma.com\/\",\"logo\":{\"@type\":\"ImageObject\",\"inLanguage\":\"ca\",\"@id\":\"https:\/\/residenciaroma.com\/#\/schema\/logo\/image\/\",\"url\":\"https:\/\/residenciaroma.com\/wp-content\/uploads\/2022\/11\/logo-residencia-roma-h.svg\",\"contentUrl\":\"https:\/\/residenciaroma.com\/wp-content\/uploads\/2022\/11\/logo-residencia-roma-h.svg\",\"width\":240,\"height\":63,\"caption\":\"RESIDENCIA GERI\u00c1TRICA ROMA\"},\"image\":{\"@id\":\"https:\/\/residenciaroma.com\/#\/schema\/logo\/image\/\"}}]}<\/script>\n<!-- \/ Yoast SEO plugin. -->","yoast_head_json":{"title":"Places p\u00fabliques i privades - RESIDENCIA GERI\u00c1TRICA ROMA","robots":{"index":"index","follow":"follow","max-snippet":"max-snippet:-1","max-image-preview":"max-image-preview:large","max-video-preview":"max-video-preview:-1"},"canonical":"https:\/\/residenciaroma.com\/ca\/serveis\/places-publiques-i-privades\/","og_locale":"ca_ES","og_type":"article","og_title":"Places p\u00fabliques i privades - RESIDENCIA GERI\u00c1TRICA ROMA","og_description":"Comptem amb Places col\u00b7laboradors des de l&#8217;any 1996. Gestionem, a trav\u00e9s del nostre Treballador Social, sol\u00b7licitud de reconeixement de Depend\u00e8ncia, a m\u00e9s de qualsevol tr\u00e0mit derivat de la mateixa. Demana informaci\u00f3 Acepto recibir ofertas y promociones He le\u00eddo y acepto la Pol\u00edtica de privacidad","og_url":"https:\/\/residenciaroma.com\/ca\/serveis\/places-publiques-i-privades\/","og_site_name":"RESIDENCIA GERI\u00c1TRICA ROMA","article_modified_time":"2022-12-21T14:36:12+00:00","og_image":[{"url":"https:\/\/residenciaroma.com\/wp-content\/uploads\/2022\/11\/logo_G_Catalunya.webp","type":"","width":"","height":""}],"twitter_card":"summary_large_image","schema":{"@context":"https:\/\/schema.org","@graph":[{"@type":"WebPage","@id":"https:\/\/residenciaroma.com\/ca\/serveis\/places-publiques-i-privades\/","url":"https:\/\/residenciaroma.com\/ca\/serveis\/places-publiques-i-privades\/","name":"Places p\u00fabliques i privades - RESIDENCIA GERI\u00c1TRICA ROMA","isPartOf":{"@id":"https:\/\/residenciaroma.com\/#website"},"primaryImageOfPage":{"@id":"https:\/\/residenciaroma.com\/ca\/serveis\/places-publiques-i-privades\/#primaryimage"},"image":{"@id":"https:\/\/residenciaroma.com\/ca\/serveis\/places-publiques-i-privades\/#primaryimage"},"thumbnailUrl":"https:\/\/residenciaroma.com\/wp-content\/uploads\/2022\/11\/logo_G_Catalunya.webp","datePublished":"2022-11-17T11:35:42+00:00","dateModified":"2022-12-21T14:36:12+00:00","breadcrumb":{"@id":"https:\/\/residenciaroma.com\/ca\/serveis\/places-publiques-i-privades\/#breadcrumb"},"inLanguage":"ca","potentialAction":[{"@type":"ReadAction","target":["https:\/\/residenciaroma.com\/ca\/serveis\/places-publiques-i-privades\/"]}]},{"@type":"ImageObject","inLanguage":"ca","@id":"https:\/\/residenciaroma.com\/ca\/serveis\/places-publiques-i-privades\/#primaryimage","url":"https:\/\/residenciaroma.com\/wp-content\/uploads\/2022\/11\/logo_G_Catalunya.webp","contentUrl":"https:\/\/residenciaroma.com\/wp-content\/uploads\/2022\/11\/logo_G_Catalunya.webp"},{"@type":"BreadcrumbList","@id":"https:\/\/residenciaroma.com\/ca\/serveis\/places-publiques-i-privades\/#breadcrumb","itemListElement":[{"@type":"ListItem","position":1,"name":"Portada","item":"https:\/\/residenciaroma.com\/ca\/"},{"@type":"ListItem","position":2,"name":"Serveis","item":"https:\/\/residenciaroma.com\/ca\/serveis\/"},{"@type":"ListItem","position":3,"name":"Places p\u00fabliques i privades"}]},{"@type":"WebSite","@id":"https:\/\/residenciaroma.com\/#website","url":"https:\/\/residenciaroma.com\/","name":"RESIDENCIA GERI\u00c1TRICA ROMA","description":"Residencia para la tercera edad en Pallej\u00e0 (Barcelona). Atenci\u00f3n integral para los mayores.","publisher":{"@id":"https:\/\/residenciaroma.com\/#organization"},"potentialAction":[{"@type":"SearchAction","target":{"@type":"EntryPoint","urlTemplate":"https:\/\/residenciaroma.com\/?s={search_term_string}"},"query-input":{"@type":"PropertyValueSpecification","valueRequired":true,"valueName":"search_term_string"}}],"inLanguage":"ca"},{"@type":"Organization","@id":"https:\/\/residenciaroma.com\/#organization","name":"RESIDENCIA GERI\u00c1TRICA ROMA","url":"https:\/\/residenciaroma.com\/","logo":{"@type":"ImageObject","inLanguage":"ca","@id":"https:\/\/residenciaroma.com\/#\/schema\/logo\/image\/","url":"https:\/\/residenciaroma.com\/wp-content\/uploads\/2022\/11\/logo-residencia-roma-h.svg","contentUrl":"https:\/\/residenciaroma.com\/wp-content\/uploads\/2022\/11\/logo-residencia-roma-h.svg","width":240,"height":63,"caption":"RESIDENCIA GERI\u00c1TRICA ROMA"},"image":{"@id":"https:\/\/residenciaroma.com\/#\/schema\/logo\/image\/"}}]}},"_links":{"self":[{"href":"https:\/\/residenciaroma.com\/ca\/wp-json\/wp\/v2\/pages\/1279","targetHints":{"allow":["GET"]}}],"collection":[{"href":"https:\/\/residenciaroma.com\/ca\/wp-json\/wp\/v2\/pages"}],"about":[{"href":"https:\/\/residenciaroma.com\/ca\/wp-json\/wp\/v2\/types\/page"}],"author":[{"embeddable":true,"href":"https:\/\/residenciaroma.com\/ca\/wp-json\/wp\/v2\/users\/1"}],"replies":[{"embeddable":true,"href":"https:\/\/residenciaroma.com\/ca\/wp-json\/wp\/v2\/comments?post=1279"}],"version-history":[{"count":4,"href":"https:\/\/residenciaroma.com\/ca\/wp-json\/wp\/v2\/pages\/1279\/revisions"}],"predecessor-version":[{"id":1335,"href":"https:\/\/residenciaroma.com\/ca\/wp-json\/wp\/v2\/pages\/1279\/revisions\/1335"}],"up":[{"embeddable":true,"href":"https:\/\/residenciaroma.com\/ca\/wp-json\/wp\/v2\/pages\/1364"}],"wp:attachment":[{"href":"https:\/\/residenciaroma.com\/ca\/wp-json\/wp\/v2\/media?parent=1279"}],"curies":[{"name":"wp","href":"https:\/\/api.w.org\/{rel}","templated":true}]}}