{"id":1271,"date":"2022-11-17T07:54:16","date_gmt":"2022-11-17T07:54:16","guid":{"rendered":"http:\/\/www.residenciaroma.es\/professionalitat\/"},"modified":"2022-12-21T14:36:12","modified_gmt":"2022-12-21T14:36:12","slug":"professionalitat","status":"publish","type":"page","link":"https:\/\/residenciaroma.com\/ca\/serveis\/professionalitat\/","title":{"rendered":"Professionalitat"},"content":{"rendered":"\t\t<div data-elementor-type=\"wp-page\" data-elementor-id=\"1271\" class=\"elementor elementor-1271 elementor-810\">\n\t\t\t\t\t\t<section class=\"elementor-section elementor-top-section elementor-element elementor-element-6e6b2654 elementor-section-boxed elementor-section-height-default elementor-section-height-default\" data-id=\"6e6b2654\" data-element_type=\"section\" data-e-type=\"section\">\n\t\t\t\t\t\t<div class=\"elementor-container elementor-column-gap-default\">\n\t\t\t\t\t<div class=\"elementor-column elementor-col-100 elementor-top-column elementor-element elementor-element-36eab4f6\" data-id=\"36eab4f6\" data-element_type=\"column\" data-e-type=\"column\" data-settings=\"{&quot;background_background&quot;:&quot;classic&quot;}\">\n\t\t\t<div class=\"elementor-widget-wrap elementor-element-populated\">\n\t\t\t\t\t<div class=\"elementor-background-overlay\"><\/div>\n\t\t\t\t\t\t\t<\/div>\n\t\t<\/div>\n\t\t\t\t\t<\/div>\n\t\t<\/section>\n\t\t\t\t<section class=\"elementor-section elementor-top-section elementor-element elementor-element-767e9e7d elementor-section-boxed elementor-section-height-default elementor-section-height-default\" data-id=\"767e9e7d\" data-element_type=\"section\" data-e-type=\"section\" id=\"equipo\">\n\t\t\t\t\t\t<div class=\"elementor-container elementor-column-gap-no\">\n\t\t\t\t\t<div class=\"elementor-column elementor-col-100 elementor-top-column elementor-element elementor-element-53151c04\" data-id=\"53151c04\" data-element_type=\"column\" data-e-type=\"column\">\n\t\t\t<div class=\"elementor-widget-wrap elementor-element-populated\">\n\t\t\t\t\t\t<div class=\"elementor-element elementor-element-eb67622 elementor-widget elementor-widget-heading\" data-id=\"eb67622\" data-element_type=\"widget\" data-e-type=\"widget\" data-widget_type=\"heading.default\">\n\t\t\t\t<div class=\"elementor-widget-container\">\n\t\t\t\t\t<h2 class=\"elementor-heading-title elementor-size-default\">El nostre equip<\/h2>\t\t\t\t<\/div>\n\t\t\t\t<\/div>\n\t\t\t\t<div class=\"elementor-element elementor-element-7ee0d7e1 elementor-widget elementor-widget-text-editor\" data-id=\"7ee0d7e1\" data-element_type=\"widget\" data-e-type=\"widget\" data-widget_type=\"text-editor.default\">\n\t\t\t\t<div class=\"elementor-widget-container\">\n\t\t\t\t\t\t\t\t\t<p>Comptem amb un equip altament qualificat i din\u00e0mic. La nostra filosofia de treball es basa en familiaritat, proximitat, empatia i atenci\u00f3 centrada a la persona.<\/p>\n\t\t\t\t\t\t\t\t<\/div>\n\t\t\t\t<\/div>\n\t\t\t\t<section class=\"theplus-equal-height theplus-equal-height elementor-section elementor-inner-section elementor-element elementor-element-7b484ee1 elementor-section-full_width elementor-section-height-default elementor-section-height-default\" data-tp-equal-height-loadded=\".elementor-widget .elementor-widget-container\" data-id=\"7b484ee1\" data-element_type=\"section\" data-e-type=\"section\">\n\t\t\t\t\t\t<div class=\"elementor-container elementor-column-gap-no\">\n\t\t\t\t\t<div class=\"elementor-column elementor-col-25 elementor-inner-column elementor-element elementor-element-7c95b66f\" data-id=\"7c95b66f\" data-element_type=\"column\" data-e-type=\"column\">\n\t\t\t<div class=\"elementor-widget-wrap elementor-element-populated\">\n\t\t\t\t\t\t<div class=\"elementor-element elementor-element-251b01e3 elementor-position-top elementor-widget elementor-widget-image-box\" data-id=\"251b01e3\" data-element_type=\"widget\" data-e-type=\"widget\" data-widget_type=\"image-box.default\">\n\t\t\t\t<div class=\"elementor-widget-container\">\n\t\t\t\t\t<div class=\"elementor-image-box-wrapper\"><figure class=\"elementor-image-box-img\"><img fetchpriority=\"high\" decoding=\"async\" width=\"1000\" height=\"970\" src=\"https:\/\/residenciaroma.com\/wp-content\/uploads\/2022\/11\/ANDRES-PALOU-DIRECCION.webp\" class=\"attachment-full size-full wp-image-981\" alt=\"\" srcset=\"https:\/\/residenciaroma.com\/wp-content\/uploads\/2022\/11\/ANDRES-PALOU-DIRECCION.webp 1000w, https:\/\/residenciaroma.com\/wp-content\/uploads\/2022\/11\/ANDRES-PALOU-DIRECCION-300x291.webp 300w, https:\/\/residenciaroma.com\/wp-content\/uploads\/2022\/11\/ANDRES-PALOU-DIRECCION-768x745.webp 768w\" sizes=\"(max-width: 1000px) 100vw, 1000px\" \/><\/figure><div class=\"elementor-image-box-content\"><h3 class=\"elementor-image-box-title\">Andreu Palou<\/h3><p class=\"elementor-image-box-description\"><i>Direcci\u00f3<\/i><br><br>\n<b>Personalitat<\/b><br>\nIntel\u00b7ligent, Clar, Racional<\/p><\/div><\/div>\t\t\t\t<\/div>\n\t\t\t\t<\/div>\n\t\t\t\t\t<\/div>\n\t\t<\/div>\n\t\t\t\t<div class=\"elementor-column elementor-col-25 elementor-inner-column elementor-element elementor-element-3736135d\" data-id=\"3736135d\" data-element_type=\"column\" data-e-type=\"column\">\n\t\t\t<div class=\"elementor-widget-wrap elementor-element-populated\">\n\t\t\t\t\t\t<div class=\"elementor-element elementor-element-3d0506b5 elementor-position-top elementor-widget elementor-widget-image-box\" data-id=\"3d0506b5\" data-element_type=\"widget\" data-e-type=\"widget\" data-widget_type=\"image-box.default\">\n\t\t\t\t<div class=\"elementor-widget-container\">\n\t\t\t\t\t<div class=\"elementor-image-box-wrapper\"><figure class=\"elementor-image-box-img\"><img decoding=\"async\" width=\"1000\" height=\"974\" src=\"https:\/\/residenciaroma.com\/wp-content\/uploads\/2022\/11\/CARMEN-DIAZ-GERENCIA1.webp\" class=\"attachment-full size-full wp-image-983\" alt=\"\" srcset=\"https:\/\/residenciaroma.com\/wp-content\/uploads\/2022\/11\/CARMEN-DIAZ-GERENCIA1.webp 1000w, https:\/\/residenciaroma.com\/wp-content\/uploads\/2022\/11\/CARMEN-DIAZ-GERENCIA1-300x292.webp 300w, https:\/\/residenciaroma.com\/wp-content\/uploads\/2022\/11\/CARMEN-DIAZ-GERENCIA1-768x748.webp 768w\" sizes=\"(max-width: 1000px) 100vw, 1000px\" \/><\/figure><div class=\"elementor-image-box-content\"><h3 class=\"elementor-image-box-title\">Carme D\u00edaz<\/h3><p class=\"elementor-image-box-description\"><i>Ger\u00e8ncia<\/i><br><br>\n<b>Personalitat<\/b><br>\nOptimista, Social, Generosa <\/p><\/div><\/div>\t\t\t\t<\/div>\n\t\t\t\t<\/div>\n\t\t\t\t\t<\/div>\n\t\t<\/div>\n\t\t\t\t<div class=\"elementor-column elementor-col-25 elementor-inner-column elementor-element elementor-element-3aed2608\" data-id=\"3aed2608\" data-element_type=\"column\" data-e-type=\"column\">\n\t\t\t<div class=\"elementor-widget-wrap elementor-element-populated\">\n\t\t\t\t\t\t<div class=\"elementor-element elementor-element-4a2c13f1 elementor-position-top elementor-widget elementor-widget-image-box\" data-id=\"4a2c13f1\" data-element_type=\"widget\" data-e-type=\"widget\" data-widget_type=\"image-box.default\">\n\t\t\t\t<div class=\"elementor-widget-container\">\n\t\t\t\t\t<div class=\"elementor-image-box-wrapper\"><figure class=\"elementor-image-box-img\"><img decoding=\"async\" width=\"1000\" height=\"954\" src=\"https:\/\/residenciaroma.com\/wp-content\/uploads\/2022\/11\/ERIKA-RUIZ-SUPERVISORA..webp\" class=\"attachment-full size-full wp-image-986\" alt=\"\" srcset=\"https:\/\/residenciaroma.com\/wp-content\/uploads\/2022\/11\/ERIKA-RUIZ-SUPERVISORA..webp 1000w, https:\/\/residenciaroma.com\/wp-content\/uploads\/2022\/11\/ERIKA-RUIZ-SUPERVISORA.-300x286.webp 300w, https:\/\/residenciaroma.com\/wp-content\/uploads\/2022\/11\/ERIKA-RUIZ-SUPERVISORA.-768x733.webp 768w\" sizes=\"(max-width: 1000px) 100vw, 1000px\" \/><\/figure><div class=\"elementor-image-box-content\"><h3 class=\"elementor-image-box-title\">Erika Ruiz<\/h3><p class=\"elementor-image-box-description\"><i>Supervisora<\/i><br><br>\n<b>Personalitat<\/b><br>\nEfica\u00e7, Emprenedora, Assertiva, Oberta<\/p><\/div><\/div>\t\t\t\t<\/div>\n\t\t\t\t<\/div>\n\t\t\t\t\t<\/div>\n\t\t<\/div>\n\t\t\t\t<div class=\"elementor-column elementor-col-25 elementor-inner-column elementor-element elementor-element-fa9f410\" data-id=\"fa9f410\" data-element_type=\"column\" data-e-type=\"column\">\n\t\t\t<div class=\"elementor-widget-wrap elementor-element-populated\">\n\t\t\t\t\t\t<div class=\"elementor-element elementor-element-2a8e613b elementor-position-top elementor-widget elementor-widget-image-box\" data-id=\"2a8e613b\" data-element_type=\"widget\" data-e-type=\"widget\" data-widget_type=\"image-box.default\">\n\t\t\t\t<div class=\"elementor-widget-container\">\n\t\t\t\t\t<div class=\"elementor-image-box-wrapper\"><figure class=\"elementor-image-box-img\"><img loading=\"lazy\" decoding=\"async\" width=\"1000\" height=\"971\" src=\"https:\/\/residenciaroma.com\/wp-content\/uploads\/2022\/11\/MILAGROS-VISO-SUPERVISORA.webp\" class=\"attachment-full size-full wp-image-997\" alt=\"\" srcset=\"https:\/\/residenciaroma.com\/wp-content\/uploads\/2022\/11\/MILAGROS-VISO-SUPERVISORA.webp 1000w, https:\/\/residenciaroma.com\/wp-content\/uploads\/2022\/11\/MILAGROS-VISO-SUPERVISORA-300x291.webp 300w, https:\/\/residenciaroma.com\/wp-content\/uploads\/2022\/11\/MILAGROS-VISO-SUPERVISORA-768x746.webp 768w\" sizes=\"(max-width: 1000px) 100vw, 1000px\" \/><\/figure><div class=\"elementor-image-box-content\"><h3 class=\"elementor-image-box-title\">Miracles Viso<\/h3><p class=\"elementor-image-box-description\"><i>Supervisora<\/i><br><br>\n<b>Personalitat<\/b><br>\nEfica\u00e7, Emprenedora, Assertiva, Oberta<\/p><\/div><\/div>\t\t\t\t<\/div>\n\t\t\t\t<\/div>\n\t\t\t\t\t<\/div>\n\t\t<\/div>\n\t\t\t\t\t<\/div>\n\t\t<\/section>\n\t\t\t\t<section class=\"theplus-equal-height theplus-equal-height elementor-section elementor-inner-section elementor-element elementor-element-5feb5ad3 elementor-section-full_width elementor-section-height-default elementor-section-height-default\" data-tp-equal-height-loadded=\".elementor-widget .elementor-widget-container\" data-id=\"5feb5ad3\" data-element_type=\"section\" data-e-type=\"section\">\n\t\t\t\t\t\t<div class=\"elementor-container elementor-column-gap-no\">\n\t\t\t\t\t<div class=\"elementor-column elementor-col-25 elementor-inner-column elementor-element elementor-element-56487b40\" data-id=\"56487b40\" data-element_type=\"column\" data-e-type=\"column\">\n\t\t\t<div class=\"elementor-widget-wrap elementor-element-populated\">\n\t\t\t\t\t\t<div class=\"elementor-element elementor-element-68082167 elementor-position-top elementor-widget elementor-widget-image-box\" data-id=\"68082167\" data-element_type=\"widget\" data-e-type=\"widget\" data-widget_type=\"image-box.default\">\n\t\t\t\t<div class=\"elementor-widget-container\">\n\t\t\t\t\t<div class=\"elementor-image-box-wrapper\"><figure class=\"elementor-image-box-img\"><img loading=\"lazy\" decoding=\"async\" width=\"1000\" height=\"974\" src=\"https:\/\/residenciaroma.com\/wp-content\/uploads\/2022\/11\/GEMMA-MOLLA-GOBERNANTA.webp\" class=\"attachment-full size-full wp-image-988\" alt=\"\" srcset=\"https:\/\/residenciaroma.com\/wp-content\/uploads\/2022\/11\/GEMMA-MOLLA-GOBERNANTA.webp 1000w, https:\/\/residenciaroma.com\/wp-content\/uploads\/2022\/11\/GEMMA-MOLLA-GOBERNANTA-300x292.webp 300w, https:\/\/residenciaroma.com\/wp-content\/uploads\/2022\/11\/GEMMA-MOLLA-GOBERNANTA-768x748.webp 768w\" sizes=\"(max-width: 1000px) 100vw, 1000px\" \/><\/figure><div class=\"elementor-image-box-content\"><h3 class=\"elementor-image-box-title\">Gemma Moll\u00e0<\/h3><p class=\"elementor-image-box-description\"><i>Governanta<\/i><br><br>\n<b>Personalitat<\/b><br>\nEmp\u00e0tica, Conciliadora, Animosa, Ment Oberta<\/p><\/div><\/div>\t\t\t\t<\/div>\n\t\t\t\t<\/div>\n\t\t\t\t\t<\/div>\n\t\t<\/div>\n\t\t\t\t<div class=\"elementor-column elementor-col-25 elementor-inner-column elementor-element elementor-element-3a299fd8\" data-id=\"3a299fd8\" data-element_type=\"column\" data-e-type=\"column\">\n\t\t\t<div class=\"elementor-widget-wrap elementor-element-populated\">\n\t\t\t\t\t\t<div class=\"elementor-element elementor-element-28dc3a03 elementor-position-top elementor-widget elementor-widget-image-box\" data-id=\"28dc3a03\" data-element_type=\"widget\" data-e-type=\"widget\" data-widget_type=\"image-box.default\">\n\t\t\t\t<div class=\"elementor-widget-container\">\n\t\t\t\t\t<div class=\"elementor-image-box-wrapper\"><figure class=\"elementor-image-box-img\"><img loading=\"lazy\" decoding=\"async\" width=\"1000\" height=\"974\" src=\"https:\/\/residenciaroma.com\/wp-content\/uploads\/2022\/11\/NORBERTE-AGBODO-GOBERNANTA.webp\" class=\"attachment-full size-full wp-image-1000\" alt=\"\" srcset=\"https:\/\/residenciaroma.com\/wp-content\/uploads\/2022\/11\/NORBERTE-AGBODO-GOBERNANTA.webp 1000w, https:\/\/residenciaroma.com\/wp-content\/uploads\/2022\/11\/NORBERTE-AGBODO-GOBERNANTA-300x292.webp 300w, https:\/\/residenciaroma.com\/wp-content\/uploads\/2022\/11\/NORBERTE-AGBODO-GOBERNANTA-768x748.webp 768w\" sizes=\"(max-width: 1000px) 100vw, 1000px\" \/><\/figure><div class=\"elementor-image-box-content\"><h3 class=\"elementor-image-box-title\">Norberte Agbodo<\/h3><p class=\"elementor-image-box-description\"><i>Governanta<\/i><br><br>\n<b>Personalitat<\/b><br>\nOrganitzada, Valent, Amb dots de comandament<\/p><\/div><\/div>\t\t\t\t<\/div>\n\t\t\t\t<\/div>\n\t\t\t\t\t<\/div>\n\t\t<\/div>\n\t\t\t\t<div class=\"elementor-column elementor-col-25 elementor-inner-column elementor-element elementor-element-1c8087a6\" data-id=\"1c8087a6\" data-element_type=\"column\" data-e-type=\"column\">\n\t\t\t<div class=\"elementor-widget-wrap elementor-element-populated\">\n\t\t\t\t\t\t<div class=\"elementor-element elementor-element-3ce5a36c elementor-position-top elementor-widget elementor-widget-image-box\" data-id=\"3ce5a36c\" data-element_type=\"widget\" data-e-type=\"widget\" data-widget_type=\"image-box.default\">\n\t\t\t\t<div class=\"elementor-widget-container\">\n\t\t\t\t\t<div class=\"elementor-image-box-wrapper\"><figure class=\"elementor-image-box-img\"><img loading=\"lazy\" decoding=\"async\" width=\"1000\" height=\"974\" src=\"https:\/\/residenciaroma.com\/wp-content\/uploads\/2022\/11\/MIRTA_ENRIQUEZ_ENFERMERA.webp\" class=\"attachment-full size-full wp-image-1036\" alt=\"\" srcset=\"https:\/\/residenciaroma.com\/wp-content\/uploads\/2022\/11\/MIRTA_ENRIQUEZ_ENFERMERA.webp 1000w, https:\/\/residenciaroma.com\/wp-content\/uploads\/2022\/11\/MIRTA_ENRIQUEZ_ENFERMERA-300x292.webp 300w, https:\/\/residenciaroma.com\/wp-content\/uploads\/2022\/11\/MIRTA_ENRIQUEZ_ENFERMERA-768x748.webp 768w\" sizes=\"(max-width: 1000px) 100vw, 1000px\" \/><\/figure><div class=\"elementor-image-box-content\"><h3 class=\"elementor-image-box-title\">Mirta Enriquez<\/h3><p class=\"elementor-image-box-description\"><i>Infermera<\/i><br><br>\n<b>Personalitat<\/b><br>\nHonesta, Tena\u00e7, Emocional, Protectora<\/p><\/div><\/div>\t\t\t\t<\/div>\n\t\t\t\t<\/div>\n\t\t\t\t\t<\/div>\n\t\t<\/div>\n\t\t\t\t<div class=\"elementor-column elementor-col-25 elementor-inner-column elementor-element elementor-element-114984ba\" data-id=\"114984ba\" data-element_type=\"column\" data-e-type=\"column\">\n\t\t\t<div class=\"elementor-widget-wrap elementor-element-populated\">\n\t\t\t\t\t\t<div class=\"elementor-element elementor-element-62efaa8c elementor-position-top elementor-widget elementor-widget-image-box\" data-id=\"62efaa8c\" data-element_type=\"widget\" data-e-type=\"widget\" data-widget_type=\"image-box.default\">\n\t\t\t\t<div class=\"elementor-widget-container\">\n\t\t\t\t\t<div class=\"elementor-image-box-wrapper\"><figure class=\"elementor-image-box-img\"><img loading=\"lazy\" decoding=\"async\" width=\"1000\" height=\"989\" src=\"https:\/\/residenciaroma.com\/wp-content\/uploads\/2022\/11\/MONTSE-FERNANDEZ-FISIOTERAPEUTA.webp\" class=\"attachment-full size-full wp-image-999\" alt=\"\" srcset=\"https:\/\/residenciaroma.com\/wp-content\/uploads\/2022\/11\/MONTSE-FERNANDEZ-FISIOTERAPEUTA.webp 1000w, https:\/\/residenciaroma.com\/wp-content\/uploads\/2022\/11\/MONTSE-FERNANDEZ-FISIOTERAPEUTA-300x297.webp 300w, https:\/\/residenciaroma.com\/wp-content\/uploads\/2022\/11\/MONTSE-FERNANDEZ-FISIOTERAPEUTA-768x760.webp 768w\" sizes=\"(max-width: 1000px) 100vw, 1000px\" \/><\/figure><div class=\"elementor-image-box-content\"><h3 class=\"elementor-image-box-title\">Montse Fern\u00e1ndez<\/h3><p class=\"elementor-image-box-description\"><i>Fisoter\u00e0pia<\/i><br><br>\n<b>Personalitat<\/b><br>\nHonesta, Tena\u00e7, Emocional, Protectora<\/p><\/div><\/div>\t\t\t\t<\/div>\n\t\t\t\t<\/div>\n\t\t\t\t\t<\/div>\n\t\t<\/div>\n\t\t\t\t\t<\/div>\n\t\t<\/section>\n\t\t\t\t<section class=\"theplus-equal-height theplus-equal-height elementor-section elementor-inner-section elementor-element elementor-element-5f96bc3a elementor-section-full_width elementor-section-height-default elementor-section-height-default\" data-tp-equal-height-loadded=\".elementor-widget .elementor-widget-container\" data-id=\"5f96bc3a\" data-element_type=\"section\" data-e-type=\"section\">\n\t\t\t\t\t\t<div class=\"elementor-container elementor-column-gap-no\">\n\t\t\t\t\t<div class=\"elementor-column elementor-col-25 elementor-inner-column elementor-element elementor-element-3c2b39fd\" data-id=\"3c2b39fd\" data-element_type=\"column\" data-e-type=\"column\">\n\t\t\t<div class=\"elementor-widget-wrap elementor-element-populated\">\n\t\t\t\t\t\t<div class=\"elementor-element elementor-element-4cc71a01 elementor-position-top elementor-widget elementor-widget-image-box\" data-id=\"4cc71a01\" data-element_type=\"widget\" data-e-type=\"widget\" data-widget_type=\"image-box.default\">\n\t\t\t\t<div class=\"elementor-widget-container\">\n\t\t\t\t\t<div class=\"elementor-image-box-wrapper\"><figure class=\"elementor-image-box-img\"><img loading=\"lazy\" decoding=\"async\" width=\"1000\" height=\"974\" src=\"https:\/\/residenciaroma.com\/wp-content\/uploads\/2022\/11\/ERIKA-MARTINEZ-ANIMACION-SOCIOCULTURAL.webp\" class=\"attachment-full size-full wp-image-985\" alt=\"\" srcset=\"https:\/\/residenciaroma.com\/wp-content\/uploads\/2022\/11\/ERIKA-MARTINEZ-ANIMACION-SOCIOCULTURAL.webp 1000w, https:\/\/residenciaroma.com\/wp-content\/uploads\/2022\/11\/ERIKA-MARTINEZ-ANIMACION-SOCIOCULTURAL-300x292.webp 300w, https:\/\/residenciaroma.com\/wp-content\/uploads\/2022\/11\/ERIKA-MARTINEZ-ANIMACION-SOCIOCULTURAL-768x748.webp 768w\" sizes=\"(max-width: 1000px) 100vw, 1000px\" \/><\/figure><div class=\"elementor-image-box-content\"><h3 class=\"elementor-image-box-title\">Erika Mart\u00ednez<\/h3><p class=\"elementor-image-box-description\"><i>Animaci\u00f3 sociocultural<\/i><br><br>\n<b>Personalitat<\/b><br>\nCreativa, Alegre<\/p><\/div><\/div>\t\t\t\t<\/div>\n\t\t\t\t<\/div>\n\t\t\t\t\t<\/div>\n\t\t<\/div>\n\t\t\t\t<div class=\"elementor-column elementor-col-25 elementor-inner-column elementor-element elementor-element-fc3e973\" data-id=\"fc3e973\" data-element_type=\"column\" data-e-type=\"column\">\n\t\t\t<div class=\"elementor-widget-wrap elementor-element-populated\">\n\t\t\t\t\t\t<div class=\"elementor-element elementor-element-14e25b66 elementor-position-top elementor-widget elementor-widget-image-box\" data-id=\"14e25b66\" data-element_type=\"widget\" data-e-type=\"widget\" data-widget_type=\"image-box.default\">\n\t\t\t\t<div class=\"elementor-widget-container\">\n\t\t\t\t\t<div class=\"elementor-image-box-wrapper\"><figure class=\"elementor-image-box-img\"><img loading=\"lazy\" decoding=\"async\" width=\"1000\" height=\"974\" src=\"https:\/\/residenciaroma.com\/wp-content\/uploads\/2022\/11\/ERICA-SANCHEZ-GEROCULTORA.webp\" class=\"attachment-full size-full wp-image-984\" alt=\"\" srcset=\"https:\/\/residenciaroma.com\/wp-content\/uploads\/2022\/11\/ERICA-SANCHEZ-GEROCULTORA.webp 1000w, https:\/\/residenciaroma.com\/wp-content\/uploads\/2022\/11\/ERICA-SANCHEZ-GEROCULTORA-300x292.webp 300w, https:\/\/residenciaroma.com\/wp-content\/uploads\/2022\/11\/ERICA-SANCHEZ-GEROCULTORA-768x748.webp 768w\" sizes=\"(max-width: 1000px) 100vw, 1000px\" \/><\/figure><div class=\"elementor-image-box-content\"><h3 class=\"elementor-image-box-title\">Erika S\u00e1nchez<\/h3><p class=\"elementor-image-box-description\"><i>Gerocultora<\/i><br><br>\n<b>Personalitat<\/b><br>\nEn\u00e8rgica, Risue\u00f1a<\/p><\/div><\/div>\t\t\t\t<\/div>\n\t\t\t\t<\/div>\n\t\t\t\t\t<\/div>\n\t\t<\/div>\n\t\t\t\t<div class=\"elementor-column elementor-col-25 elementor-inner-column elementor-element elementor-element-5b307b31\" data-id=\"5b307b31\" data-element_type=\"column\" data-e-type=\"column\">\n\t\t\t<div class=\"elementor-widget-wrap elementor-element-populated\">\n\t\t\t\t\t\t<div class=\"elementor-element elementor-element-66306d74 elementor-position-top elementor-widget elementor-widget-image-box\" data-id=\"66306d74\" data-element_type=\"widget\" data-e-type=\"widget\" data-widget_type=\"image-box.default\">\n\t\t\t\t<div class=\"elementor-widget-container\">\n\t\t\t\t\t<div class=\"elementor-image-box-wrapper\"><figure class=\"elementor-image-box-img\"><img loading=\"lazy\" decoding=\"async\" width=\"1000\" height=\"974\" src=\"https:\/\/residenciaroma.com\/wp-content\/uploads\/2022\/11\/FLORINA-STELUTA-GEROCULTORA.webp\" class=\"attachment-full size-full wp-image-987\" alt=\"\" srcset=\"https:\/\/residenciaroma.com\/wp-content\/uploads\/2022\/11\/FLORINA-STELUTA-GEROCULTORA.webp 1000w, https:\/\/residenciaroma.com\/wp-content\/uploads\/2022\/11\/FLORINA-STELUTA-GEROCULTORA-300x292.webp 300w, https:\/\/residenciaroma.com\/wp-content\/uploads\/2022\/11\/FLORINA-STELUTA-GEROCULTORA-768x748.webp 768w\" sizes=\"(max-width: 1000px) 100vw, 1000px\" \/><\/figure><div class=\"elementor-image-box-content\"><h3 class=\"elementor-image-box-title\">Florina Steluta<\/h3><p class=\"elementor-image-box-description\"><i>Gerocultora<\/i><br><br>\n<b>Personalitat<\/b><br>\nEn\u00e8rgica, Risue\u00f1a<\/p><\/div><\/div>\t\t\t\t<\/div>\n\t\t\t\t<\/div>\n\t\t\t\t\t<\/div>\n\t\t<\/div>\n\t\t\t\t<div class=\"elementor-column elementor-col-25 elementor-inner-column elementor-element elementor-element-3bbd532\" data-id=\"3bbd532\" data-element_type=\"column\" data-e-type=\"column\">\n\t\t\t<div class=\"elementor-widget-wrap elementor-element-populated\">\n\t\t\t\t\t\t<div class=\"elementor-element elementor-element-6d933dc5 elementor-position-top elementor-widget elementor-widget-image-box\" data-id=\"6d933dc5\" data-element_type=\"widget\" data-e-type=\"widget\" data-widget_type=\"image-box.default\">\n\t\t\t\t<div class=\"elementor-widget-container\">\n\t\t\t\t\t<div class=\"elementor-image-box-wrapper\"><figure class=\"elementor-image-box-img\"><img loading=\"lazy\" decoding=\"async\" width=\"1000\" height=\"974\" src=\"https:\/\/residenciaroma.com\/wp-content\/uploads\/2022\/11\/GLORIA-CALDERON-GEROCULTORA.webp\" class=\"attachment-full size-full wp-image-989\" alt=\"\" srcset=\"https:\/\/residenciaroma.com\/wp-content\/uploads\/2022\/11\/GLORIA-CALDERON-GEROCULTORA.webp 1000w, https:\/\/residenciaroma.com\/wp-content\/uploads\/2022\/11\/GLORIA-CALDERON-GEROCULTORA-300x292.webp 300w, https:\/\/residenciaroma.com\/wp-content\/uploads\/2022\/11\/GLORIA-CALDERON-GEROCULTORA-768x748.webp 768w\" sizes=\"(max-width: 1000px) 100vw, 1000px\" \/><\/figure><div class=\"elementor-image-box-content\"><h4 class=\"elementor-image-box-title\">Gl\u00f2ria Calder\u00f3n<\/h4><p class=\"elementor-image-box-description\"><i>Gerocultora<\/i><br><br>\n<b>Personalitat<\/b><br>\nMadura, Cort\u00e8s<\/p><\/div><\/div>\t\t\t\t<\/div>\n\t\t\t\t<\/div>\n\t\t\t\t\t<\/div>\n\t\t<\/div>\n\t\t\t\t\t<\/div>\n\t\t<\/section>\n\t\t\t\t<section class=\"theplus-equal-height theplus-equal-height elementor-section elementor-inner-section elementor-element elementor-element-5f3741b3 elementor-section-full_width elementor-section-height-default elementor-section-height-default\" data-tp-equal-height-loadded=\".elementor-widget .elementor-widget-container\" data-id=\"5f3741b3\" data-element_type=\"section\" data-e-type=\"section\">\n\t\t\t\t\t\t<div class=\"elementor-container elementor-column-gap-no\">\n\t\t\t\t\t<div class=\"elementor-column elementor-col-25 elementor-inner-column elementor-element elementor-element-4a8225fa\" data-id=\"4a8225fa\" data-element_type=\"column\" data-e-type=\"column\">\n\t\t\t<div class=\"elementor-widget-wrap elementor-element-populated\">\n\t\t\t\t\t\t<div class=\"elementor-element elementor-element-130fcbb0 elementor-position-top elementor-widget elementor-widget-image-box\" data-id=\"130fcbb0\" data-element_type=\"widget\" data-e-type=\"widget\" data-widget_type=\"image-box.default\">\n\t\t\t\t<div class=\"elementor-widget-container\">\n\t\t\t\t\t<div class=\"elementor-image-box-wrapper\"><figure class=\"elementor-image-box-img\"><img loading=\"lazy\" decoding=\"async\" width=\"1000\" height=\"974\" src=\"https:\/\/residenciaroma.com\/wp-content\/uploads\/2022\/11\/IRINA-ALVARADO-GEROCULTORA.webp\" class=\"attachment-full size-full wp-image-990\" alt=\"\" srcset=\"https:\/\/residenciaroma.com\/wp-content\/uploads\/2022\/11\/IRINA-ALVARADO-GEROCULTORA.webp 1000w, https:\/\/residenciaroma.com\/wp-content\/uploads\/2022\/11\/IRINA-ALVARADO-GEROCULTORA-300x292.webp 300w, https:\/\/residenciaroma.com\/wp-content\/uploads\/2022\/11\/IRINA-ALVARADO-GEROCULTORA-768x748.webp 768w\" sizes=\"(max-width: 1000px) 100vw, 1000px\" \/><\/figure><div class=\"elementor-image-box-content\"><h3 class=\"elementor-image-box-title\">Irina Alvarado<\/h3><p class=\"elementor-image-box-description\"><i>Gerocultora<\/i><br><br>\n<b>Personalitat<\/b><br>\nTemplan\u00e7a, Humilitat, Conciliadora<\/p><\/div><\/div>\t\t\t\t<\/div>\n\t\t\t\t<\/div>\n\t\t\t\t\t<\/div>\n\t\t<\/div>\n\t\t\t\t<div class=\"elementor-column elementor-col-25 elementor-inner-column elementor-element elementor-element-3891e59a\" data-id=\"3891e59a\" data-element_type=\"column\" data-e-type=\"column\">\n\t\t\t<div class=\"elementor-widget-wrap elementor-element-populated\">\n\t\t\t\t\t\t<div class=\"elementor-element elementor-element-1f4f10e4 elementor-position-top elementor-widget elementor-widget-image-box\" data-id=\"1f4f10e4\" data-element_type=\"widget\" data-e-type=\"widget\" data-widget_type=\"image-box.default\">\n\t\t\t\t<div class=\"elementor-widget-container\">\n\t\t\t\t\t<div class=\"elementor-image-box-wrapper\"><figure class=\"elementor-image-box-img\"><img loading=\"lazy\" decoding=\"async\" width=\"1000\" height=\"974\" src=\"https:\/\/residenciaroma.com\/wp-content\/uploads\/2022\/11\/ISABEL-PLAZA-GEROCULTORA.webp\" class=\"attachment-full size-full wp-image-992\" alt=\"\" srcset=\"https:\/\/residenciaroma.com\/wp-content\/uploads\/2022\/11\/ISABEL-PLAZA-GEROCULTORA.webp 1000w, https:\/\/residenciaroma.com\/wp-content\/uploads\/2022\/11\/ISABEL-PLAZA-GEROCULTORA-300x292.webp 300w, https:\/\/residenciaroma.com\/wp-content\/uploads\/2022\/11\/ISABEL-PLAZA-GEROCULTORA-768x748.webp 768w\" sizes=\"(max-width: 1000px) 100vw, 1000px\" \/><\/figure><div class=\"elementor-image-box-content\"><h3 class=\"elementor-image-box-title\">Isabel Plaza<\/h3><p class=\"elementor-image-box-description\"><i>Gerocultora<\/i><br><br>\n<b>Personalitat<\/b><br>Amable, Saber estar, Laboriosa<\/p><\/div><\/div>\t\t\t\t<\/div>\n\t\t\t\t<\/div>\n\t\t\t\t\t<\/div>\n\t\t<\/div>\n\t\t\t\t<div class=\"elementor-column elementor-col-25 elementor-inner-column elementor-element elementor-element-525a0e2b\" data-id=\"525a0e2b\" data-element_type=\"column\" data-e-type=\"column\">\n\t\t\t<div class=\"elementor-widget-wrap elementor-element-populated\">\n\t\t\t\t\t\t<div class=\"elementor-element elementor-element-34a44574 elementor-position-top elementor-widget elementor-widget-image-box\" data-id=\"34a44574\" data-element_type=\"widget\" data-e-type=\"widget\" data-widget_type=\"image-box.default\">\n\t\t\t\t<div class=\"elementor-widget-container\">\n\t\t\t\t\t<div class=\"elementor-image-box-wrapper\"><figure class=\"elementor-image-box-img\"><img loading=\"lazy\" decoding=\"async\" width=\"1000\" height=\"974\" src=\"https:\/\/residenciaroma.com\/wp-content\/uploads\/2022\/11\/JAMILA-BOUHAMID-GEROCULTORA.webp\" class=\"attachment-full size-full wp-image-993\" alt=\"\" srcset=\"https:\/\/residenciaroma.com\/wp-content\/uploads\/2022\/11\/JAMILA-BOUHAMID-GEROCULTORA.webp 1000w, https:\/\/residenciaroma.com\/wp-content\/uploads\/2022\/11\/JAMILA-BOUHAMID-GEROCULTORA-300x292.webp 300w, https:\/\/residenciaroma.com\/wp-content\/uploads\/2022\/11\/JAMILA-BOUHAMID-GEROCULTORA-768x748.webp 768w\" sizes=\"(max-width: 1000px) 100vw, 1000px\" \/><\/figure><div class=\"elementor-image-box-content\"><h3 class=\"elementor-image-box-title\">Jamila Bouhamid<\/h3><p class=\"elementor-image-box-description\"><i>Gerocultora<\/i><br><br>\n<b>Personalitat<\/b><br>\nPrudent, Discreta<\/p><\/div><\/div>\t\t\t\t<\/div>\n\t\t\t\t<\/div>\n\t\t\t\t\t<\/div>\n\t\t<\/div>\n\t\t\t\t<div class=\"elementor-column elementor-col-25 elementor-inner-column elementor-element elementor-element-344ecb36\" data-id=\"344ecb36\" data-element_type=\"column\" data-e-type=\"column\">\n\t\t\t<div class=\"elementor-widget-wrap elementor-element-populated\">\n\t\t\t\t\t\t<div class=\"elementor-element elementor-element-3a1bf7f elementor-position-top elementor-widget elementor-widget-image-box\" data-id=\"3a1bf7f\" data-element_type=\"widget\" data-e-type=\"widget\" data-widget_type=\"image-box.default\">\n\t\t\t\t<div class=\"elementor-widget-container\">\n\t\t\t\t\t<div class=\"elementor-image-box-wrapper\"><figure class=\"elementor-image-box-img\"><img loading=\"lazy\" decoding=\"async\" width=\"1000\" height=\"974\" src=\"https:\/\/residenciaroma.com\/wp-content\/uploads\/2022\/11\/MARTA-SANCHEZ-GEROCULTORA.webp\" class=\"attachment-full size-full wp-image-995\" alt=\"\" srcset=\"https:\/\/residenciaroma.com\/wp-content\/uploads\/2022\/11\/MARTA-SANCHEZ-GEROCULTORA.webp 1000w, https:\/\/residenciaroma.com\/wp-content\/uploads\/2022\/11\/MARTA-SANCHEZ-GEROCULTORA-300x292.webp 300w, https:\/\/residenciaroma.com\/wp-content\/uploads\/2022\/11\/MARTA-SANCHEZ-GEROCULTORA-768x748.webp 768w\" sizes=\"(max-width: 1000px) 100vw, 1000px\" \/><\/figure><div class=\"elementor-image-box-content\"><h3 class=\"elementor-image-box-title\">Marta Sanchez<\/h3><p class=\"elementor-image-box-description\"><i>Gerocultora<\/i><br><br>\n<b>Personalitat<\/b><br>\nTena\u00e7, Afable<\/p><\/div><\/div>\t\t\t\t<\/div>\n\t\t\t\t<\/div>\n\t\t\t\t\t<\/div>\n\t\t<\/div>\n\t\t\t\t\t<\/div>\n\t\t<\/section>\n\t\t\t\t<section class=\"theplus-equal-height theplus-equal-height elementor-section elementor-inner-section elementor-element elementor-element-45d82891 elementor-section-full_width elementor-section-height-default elementor-section-height-default\" data-tp-equal-height-loadded=\".elementor-widget .elementor-widget-container\" data-id=\"45d82891\" data-element_type=\"section\" data-e-type=\"section\">\n\t\t\t\t\t\t<div class=\"elementor-container elementor-column-gap-no\">\n\t\t\t\t\t<div class=\"elementor-column elementor-col-25 elementor-inner-column elementor-element elementor-element-67ee954b\" data-id=\"67ee954b\" data-element_type=\"column\" data-e-type=\"column\">\n\t\t\t<div class=\"elementor-widget-wrap elementor-element-populated\">\n\t\t\t\t\t\t<div class=\"elementor-element elementor-element-43b9a36a elementor-position-top elementor-widget elementor-widget-image-box\" data-id=\"43b9a36a\" data-element_type=\"widget\" data-e-type=\"widget\" data-widget_type=\"image-box.default\">\n\t\t\t\t<div class=\"elementor-widget-container\">\n\t\t\t\t\t<div class=\"elementor-image-box-wrapper\"><figure class=\"elementor-image-box-img\"><img loading=\"lazy\" decoding=\"async\" width=\"1000\" height=\"974\" src=\"https:\/\/residenciaroma.com\/wp-content\/uploads\/2022\/11\/RUTH-GALVEZ-GEROCULTORA.webp\" class=\"attachment-full size-full wp-image-1002\" alt=\"\" srcset=\"https:\/\/residenciaroma.com\/wp-content\/uploads\/2022\/11\/RUTH-GALVEZ-GEROCULTORA.webp 1000w, https:\/\/residenciaroma.com\/wp-content\/uploads\/2022\/11\/RUTH-GALVEZ-GEROCULTORA-300x292.webp 300w, https:\/\/residenciaroma.com\/wp-content\/uploads\/2022\/11\/RUTH-GALVEZ-GEROCULTORA-768x748.webp 768w\" sizes=\"(max-width: 1000px) 100vw, 1000px\" \/><\/figure><div class=\"elementor-image-box-content\"><h3 class=\"elementor-image-box-title\">Ruth Galvez<\/h3><p class=\"elementor-image-box-description\"><i>Gerocultora<\/i><br><br>\n<b>Personalitat<\/b><br>\nProactiva, Amigable, Dol\u00e7<\/p><\/div><\/div>\t\t\t\t<\/div>\n\t\t\t\t<\/div>\n\t\t\t\t\t<\/div>\n\t\t<\/div>\n\t\t\t\t<div class=\"elementor-column elementor-col-25 elementor-inner-column elementor-element elementor-element-6cd9c612\" data-id=\"6cd9c612\" data-element_type=\"column\" data-e-type=\"column\">\n\t\t\t<div class=\"elementor-widget-wrap elementor-element-populated\">\n\t\t\t\t\t\t<div class=\"elementor-element elementor-element-588135ec elementor-position-top elementor-widget elementor-widget-image-box\" data-id=\"588135ec\" data-element_type=\"widget\" data-e-type=\"widget\" data-widget_type=\"image-box.default\">\n\t\t\t\t<div class=\"elementor-widget-container\">\n\t\t\t\t\t<div class=\"elementor-image-box-wrapper\"><figure class=\"elementor-image-box-img\"><img loading=\"lazy\" decoding=\"async\" width=\"1000\" height=\"992\" src=\"https:\/\/residenciaroma.com\/wp-content\/uploads\/2022\/11\/MIGUEL-LOPEL-TRABAJADOR-SOCIAL.webp\" class=\"attachment-full size-full wp-image-996\" alt=\"\" srcset=\"https:\/\/residenciaroma.com\/wp-content\/uploads\/2022\/11\/MIGUEL-LOPEL-TRABAJADOR-SOCIAL.webp 1000w, https:\/\/residenciaroma.com\/wp-content\/uploads\/2022\/11\/MIGUEL-LOPEL-TRABAJADOR-SOCIAL-300x298.webp 300w, https:\/\/residenciaroma.com\/wp-content\/uploads\/2022\/11\/MIGUEL-LOPEL-TRABAJADOR-SOCIAL-150x150.webp 150w, https:\/\/residenciaroma.com\/wp-content\/uploads\/2022\/11\/MIGUEL-LOPEL-TRABAJADOR-SOCIAL-768x762.webp 768w\" sizes=\"(max-width: 1000px) 100vw, 1000px\" \/><\/figure><div class=\"elementor-image-box-content\"><h3 class=\"elementor-image-box-title\">Miguel Lopel<\/h3><p class=\"elementor-image-box-description\"><i>Treballador social<\/i><br><br>\n<b>Personalitat<\/b><br>\nImaginativa, Afable<\/p><\/div><\/div>\t\t\t\t<\/div>\n\t\t\t\t<\/div>\n\t\t\t\t\t<\/div>\n\t\t<\/div>\n\t\t\t\t<div class=\"elementor-column elementor-col-25 elementor-inner-column elementor-element elementor-element-54ca12a1\" data-id=\"54ca12a1\" data-element_type=\"column\" data-e-type=\"column\">\n\t\t\t<div class=\"elementor-widget-wrap elementor-element-populated\">\n\t\t\t\t\t\t<div class=\"elementor-element elementor-element-ae1972c elementor-position-top elementor-widget elementor-widget-image-box\" data-id=\"ae1972c\" data-element_type=\"widget\" data-e-type=\"widget\" data-widget_type=\"image-box.default\">\n\t\t\t\t<div class=\"elementor-widget-container\">\n\t\t\t\t\t<div class=\"elementor-image-box-wrapper\"><figure class=\"elementor-image-box-img\"><img loading=\"lazy\" decoding=\"async\" width=\"1000\" height=\"974\" src=\"https:\/\/residenciaroma.com\/wp-content\/uploads\/2022\/11\/SUSANA-JABOUNNE.webp\" class=\"attachment-full size-full wp-image-1005\" alt=\"\" srcset=\"https:\/\/residenciaroma.com\/wp-content\/uploads\/2022\/11\/SUSANA-JABOUNNE.webp 1000w, https:\/\/residenciaroma.com\/wp-content\/uploads\/2022\/11\/SUSANA-JABOUNNE-300x292.webp 300w, https:\/\/residenciaroma.com\/wp-content\/uploads\/2022\/11\/SUSANA-JABOUNNE-768x748.webp 768w\" sizes=\"(max-width: 1000px) 100vw, 1000px\" \/><\/figure><div class=\"elementor-image-box-content\"><h3 class=\"elementor-image-box-title\">Susana Jabounne<\/h3><p class=\"elementor-image-box-description\"><i>Gerocultora<\/i><br><br>\n<b>Personalitat<\/b><br>\nTreballadora, Complidora\n<\/p><\/div><\/div>\t\t\t\t<\/div>\n\t\t\t\t<\/div>\n\t\t\t\t\t<\/div>\n\t\t<\/div>\n\t\t\t\t<div class=\"elementor-column elementor-col-25 elementor-inner-column elementor-element elementor-element-eeb2e9\" data-id=\"eeb2e9\" data-element_type=\"column\" data-e-type=\"column\">\n\t\t\t<div class=\"elementor-widget-wrap elementor-element-populated\">\n\t\t\t\t\t\t<div class=\"elementor-element elementor-element-24b93e6d elementor-position-top elementor-widget elementor-widget-image-box\" data-id=\"24b93e6d\" data-element_type=\"widget\" data-e-type=\"widget\" data-widget_type=\"image-box.default\">\n\t\t\t\t<div class=\"elementor-widget-container\">\n\t\t\t\t\t<div class=\"elementor-image-box-wrapper\"><figure class=\"elementor-image-box-img\"><img loading=\"lazy\" decoding=\"async\" width=\"1000\" height=\"974\" src=\"https:\/\/residenciaroma.com\/wp-content\/uploads\/2022\/11\/ISABEL-PEREZ-COCINA.webp\" class=\"attachment-full size-full wp-image-991\" alt=\"\" srcset=\"https:\/\/residenciaroma.com\/wp-content\/uploads\/2022\/11\/ISABEL-PEREZ-COCINA.webp 1000w, https:\/\/residenciaroma.com\/wp-content\/uploads\/2022\/11\/ISABEL-PEREZ-COCINA-300x292.webp 300w, https:\/\/residenciaroma.com\/wp-content\/uploads\/2022\/11\/ISABEL-PEREZ-COCINA-768x748.webp 768w\" sizes=\"(max-width: 1000px) 100vw, 1000px\" \/><\/figure><div class=\"elementor-image-box-content\"><h3 class=\"elementor-image-box-title\">Isabel Perz<\/h3><p class=\"elementor-image-box-description\">Cuina<\/p><\/div><\/div>\t\t\t\t<\/div>\n\t\t\t\t<\/div>\n\t\t\t\t\t<\/div>\n\t\t<\/div>\n\t\t\t\t\t<\/div>\n\t\t<\/section>\n\t\t\t\t<section class=\"theplus-equal-height theplus-equal-height elementor-section elementor-inner-section elementor-element elementor-element-50771540 elementor-section-full_width elementor-section-height-default elementor-section-height-default\" data-tp-equal-height-loadded=\".elementor-widget .elementor-widget-container\" data-id=\"50771540\" data-element_type=\"section\" data-e-type=\"section\">\n\t\t\t\t\t\t<div class=\"elementor-container elementor-column-gap-no\">\n\t\t\t\t\t<div class=\"elementor-column elementor-col-25 elementor-inner-column elementor-element elementor-element-365ba7d1\" data-id=\"365ba7d1\" data-element_type=\"column\" data-e-type=\"column\">\n\t\t\t<div class=\"elementor-widget-wrap elementor-element-populated\">\n\t\t\t\t\t\t<div class=\"elementor-element elementor-element-27236bdc elementor-position-top elementor-widget elementor-widget-image-box\" data-id=\"27236bdc\" data-element_type=\"widget\" data-e-type=\"widget\" data-widget_type=\"image-box.default\">\n\t\t\t\t<div class=\"elementor-widget-container\">\n\t\t\t\t\t<div class=\"elementor-image-box-wrapper\"><figure class=\"elementor-image-box-img\"><img loading=\"lazy\" decoding=\"async\" width=\"1000\" height=\"974\" src=\"https:\/\/residenciaroma.com\/wp-content\/uploads\/2022\/11\/SIMO-EL-KHAYAT-COCINA.webp\" class=\"attachment-full size-full wp-image-1004\" alt=\"\" srcset=\"https:\/\/residenciaroma.com\/wp-content\/uploads\/2022\/11\/SIMO-EL-KHAYAT-COCINA.webp 1000w, https:\/\/residenciaroma.com\/wp-content\/uploads\/2022\/11\/SIMO-EL-KHAYAT-COCINA-300x292.webp 300w, https:\/\/residenciaroma.com\/wp-content\/uploads\/2022\/11\/SIMO-EL-KHAYAT-COCINA-768x748.webp 768w\" sizes=\"(max-width: 1000px) 100vw, 1000px\" \/><\/figure><div class=\"elementor-image-box-content\"><h3 class=\"elementor-image-box-title\">Simo el Khayat<\/h3><p class=\"elementor-image-box-description\">Cuina<\/p><\/div><\/div>\t\t\t\t<\/div>\n\t\t\t\t<\/div>\n\t\t\t\t\t<\/div>\n\t\t<\/div>\n\t\t\t\t<div class=\"elementor-column elementor-col-25 elementor-inner-column elementor-element elementor-element-6b4531f3\" data-id=\"6b4531f3\" data-element_type=\"column\" data-e-type=\"column\">\n\t\t\t<div class=\"elementor-widget-wrap elementor-element-populated\">\n\t\t\t\t\t\t<div class=\"elementor-element elementor-element-30d72091 elementor-position-top elementor-widget elementor-widget-image-box\" data-id=\"30d72091\" data-element_type=\"widget\" data-e-type=\"widget\" data-widget_type=\"image-box.default\">\n\t\t\t\t<div class=\"elementor-widget-container\">\n\t\t\t\t\t<div class=\"elementor-image-box-wrapper\"><figure class=\"elementor-image-box-img\"><img loading=\"lazy\" decoding=\"async\" width=\"1000\" height=\"982\" src=\"https:\/\/residenciaroma.com\/wp-content\/uploads\/2022\/11\/LUCIA-CASTELLANO-LIMPIEZA.webp\" class=\"attachment-full size-full wp-image-994\" alt=\"\" srcset=\"https:\/\/residenciaroma.com\/wp-content\/uploads\/2022\/11\/LUCIA-CASTELLANO-LIMPIEZA.webp 1000w, https:\/\/residenciaroma.com\/wp-content\/uploads\/2022\/11\/LUCIA-CASTELLANO-LIMPIEZA-300x295.webp 300w, https:\/\/residenciaroma.com\/wp-content\/uploads\/2022\/11\/LUCIA-CASTELLANO-LIMPIEZA-768x754.webp 768w\" sizes=\"(max-width: 1000px) 100vw, 1000px\" \/><\/figure><div class=\"elementor-image-box-content\"><h3 class=\"elementor-image-box-title\">Lucia Castell\u00e0<\/h3><p class=\"elementor-image-box-description\">Neteja<\/p><\/div><\/div>\t\t\t\t<\/div>\n\t\t\t\t<\/div>\n\t\t\t\t\t<\/div>\n\t\t<\/div>\n\t\t\t\t<div class=\"elementor-column elementor-col-25 elementor-inner-column elementor-element elementor-element-e0eca61\" data-id=\"e0eca61\" data-element_type=\"column\" data-e-type=\"column\">\n\t\t\t<div class=\"elementor-widget-wrap\">\n\t\t\t\t\t\t\t<\/div>\n\t\t<\/div>\n\t\t\t\t<div class=\"elementor-column elementor-col-25 elementor-inner-column elementor-element elementor-element-12aa3745\" data-id=\"12aa3745\" data-element_type=\"column\" data-e-type=\"column\">\n\t\t\t<div class=\"elementor-widget-wrap\">\n\t\t\t\t\t\t\t<\/div>\n\t\t<\/div>\n\t\t\t\t\t<\/div>\n\t\t<\/section>\n\t\t\t\t\t<\/div>\n\t\t<\/div>\n\t\t\t\t\t<\/div>\n\t\t<\/section>\n\t\t\t\t<\/div>\n\t\t","protected":false},"excerpt":{"rendered":"<p>El nostre equip Comptem amb un equip altament qualificat i din\u00e0mic. La nostra filosofia de treball es basa en familiaritat, proximitat, empatia i atenci\u00f3 centrada a la persona. Andreu Palou Direcci\u00f3 Personalitat Intel\u00b7ligent, Clar, Racional Carme D\u00edaz Ger\u00e8ncia Personalitat Optimista, Social, Generosa Erika Ruiz Supervisora Personalitat Efica\u00e7, Emprenedora, Assertiva, Oberta Miracles Viso Supervisora Personalitat Efica\u00e7, [&hellip;]<\/p>\n","protected":false},"author":1,"featured_media":0,"parent":1364,"menu_order":0,"comment_status":"closed","ping_status":"closed","template":"","meta":{"footnotes":""},"class_list":["post-1271","page","type-page","status-publish","hentry"],"yoast_head":"<!-- This site is optimized with the Yoast SEO plugin v26.9 - https:\/\/yoast.com\/product\/yoast-seo-wordpress\/ -->\n<title>Professionalitat - RESIDENCIA GERI\u00c1TRICA ROMA<\/title>\n<meta name=\"robots\" content=\"index, follow, max-snippet:-1, max-image-preview:large, max-video-preview:-1\" \/>\n<link rel=\"canonical\" href=\"https:\/\/residenciaroma.com\/ca\/serveis\/professionalitat\/\" \/>\n<meta property=\"og:locale\" content=\"ca_ES\" \/>\n<meta property=\"og:type\" content=\"article\" \/>\n<meta property=\"og:title\" content=\"Professionalitat - RESIDENCIA GERI\u00c1TRICA ROMA\" \/>\n<meta property=\"og:description\" content=\"El nostre equip Comptem amb un equip altament qualificat i din\u00e0mic. La nostra filosofia de treball es basa en familiaritat, proximitat, empatia i atenci\u00f3 centrada a la persona. Andreu Palou Direcci\u00f3 Personalitat Intel\u00b7ligent, Clar, Racional Carme D\u00edaz Ger\u00e8ncia Personalitat Optimista, Social, Generosa Erika Ruiz Supervisora Personalitat Efica\u00e7, Emprenedora, Assertiva, Oberta Miracles Viso Supervisora Personalitat Efica\u00e7, [&hellip;]\" \/>\n<meta property=\"og:url\" content=\"https:\/\/residenciaroma.com\/ca\/serveis\/professionalitat\/\" \/>\n<meta property=\"og:site_name\" content=\"RESIDENCIA GERI\u00c1TRICA ROMA\" \/>\n<meta property=\"article:modified_time\" content=\"2022-12-21T14:36:12+00:00\" \/>\n<meta property=\"og:image\" content=\"https:\/\/residenciaroma.com\/wp-content\/uploads\/2022\/11\/ANDRES-PALOU-DIRECCION.webp\" \/>\n<meta name=\"twitter:card\" content=\"summary_large_image\" \/>\n<meta name=\"twitter:label1\" content=\"Temps estimat de lectura\" \/>\n\t<meta name=\"twitter:data1\" content=\"1 minut\" \/>\n<script type=\"application\/ld+json\" class=\"yoast-schema-graph\">{\"@context\":\"https:\/\/schema.org\",\"@graph\":[{\"@type\":\"WebPage\",\"@id\":\"https:\/\/residenciaroma.com\/ca\/serveis\/professionalitat\/\",\"url\":\"https:\/\/residenciaroma.com\/ca\/serveis\/professionalitat\/\",\"name\":\"Professionalitat - RESIDENCIA GERI\u00c1TRICA ROMA\",\"isPartOf\":{\"@id\":\"https:\/\/residenciaroma.com\/#website\"},\"primaryImageOfPage\":{\"@id\":\"https:\/\/residenciaroma.com\/ca\/serveis\/professionalitat\/#primaryimage\"},\"image\":{\"@id\":\"https:\/\/residenciaroma.com\/ca\/serveis\/professionalitat\/#primaryimage\"},\"thumbnailUrl\":\"https:\/\/residenciaroma.com\/wp-content\/uploads\/2022\/11\/ANDRES-PALOU-DIRECCION.webp\",\"datePublished\":\"2022-11-17T07:54:16+00:00\",\"dateModified\":\"2022-12-21T14:36:12+00:00\",\"breadcrumb\":{\"@id\":\"https:\/\/residenciaroma.com\/ca\/serveis\/professionalitat\/#breadcrumb\"},\"inLanguage\":\"ca\",\"potentialAction\":[{\"@type\":\"ReadAction\",\"target\":[\"https:\/\/residenciaroma.com\/ca\/serveis\/professionalitat\/\"]}]},{\"@type\":\"ImageObject\",\"inLanguage\":\"ca\",\"@id\":\"https:\/\/residenciaroma.com\/ca\/serveis\/professionalitat\/#primaryimage\",\"url\":\"https:\/\/residenciaroma.com\/wp-content\/uploads\/2022\/11\/ANDRES-PALOU-DIRECCION.webp\",\"contentUrl\":\"https:\/\/residenciaroma.com\/wp-content\/uploads\/2022\/11\/ANDRES-PALOU-DIRECCION.webp\"},{\"@type\":\"BreadcrumbList\",\"@id\":\"https:\/\/residenciaroma.com\/ca\/serveis\/professionalitat\/#breadcrumb\",\"itemListElement\":[{\"@type\":\"ListItem\",\"position\":1,\"name\":\"Portada\",\"item\":\"https:\/\/residenciaroma.com\/ca\/\"},{\"@type\":\"ListItem\",\"position\":2,\"name\":\"Serveis\",\"item\":\"https:\/\/residenciaroma.com\/ca\/serveis\/\"},{\"@type\":\"ListItem\",\"position\":3,\"name\":\"Professionalitat\"}]},{\"@type\":\"WebSite\",\"@id\":\"https:\/\/residenciaroma.com\/#website\",\"url\":\"https:\/\/residenciaroma.com\/\",\"name\":\"RESIDENCIA GERI\u00c1TRICA ROMA\",\"description\":\"Residencia para la tercera edad en Pallej\u00e0 (Barcelona). Atenci\u00f3n integral para los mayores.\",\"publisher\":{\"@id\":\"https:\/\/residenciaroma.com\/#organization\"},\"potentialAction\":[{\"@type\":\"SearchAction\",\"target\":{\"@type\":\"EntryPoint\",\"urlTemplate\":\"https:\/\/residenciaroma.com\/?s={search_term_string}\"},\"query-input\":{\"@type\":\"PropertyValueSpecification\",\"valueRequired\":true,\"valueName\":\"search_term_string\"}}],\"inLanguage\":\"ca\"},{\"@type\":\"Organization\",\"@id\":\"https:\/\/residenciaroma.com\/#organization\",\"name\":\"RESIDENCIA GERI\u00c1TRICA ROMA\",\"url\":\"https:\/\/residenciaroma.com\/\",\"logo\":{\"@type\":\"ImageObject\",\"inLanguage\":\"ca\",\"@id\":\"https:\/\/residenciaroma.com\/#\/schema\/logo\/image\/\",\"url\":\"https:\/\/residenciaroma.com\/wp-content\/uploads\/2022\/11\/logo-residencia-roma-h.svg\",\"contentUrl\":\"https:\/\/residenciaroma.com\/wp-content\/uploads\/2022\/11\/logo-residencia-roma-h.svg\",\"width\":240,\"height\":63,\"caption\":\"RESIDENCIA GERI\u00c1TRICA ROMA\"},\"image\":{\"@id\":\"https:\/\/residenciaroma.com\/#\/schema\/logo\/image\/\"}}]}<\/script>\n<!-- \/ Yoast SEO plugin. -->","yoast_head_json":{"title":"Professionalitat - RESIDENCIA GERI\u00c1TRICA ROMA","robots":{"index":"index","follow":"follow","max-snippet":"max-snippet:-1","max-image-preview":"max-image-preview:large","max-video-preview":"max-video-preview:-1"},"canonical":"https:\/\/residenciaroma.com\/ca\/serveis\/professionalitat\/","og_locale":"ca_ES","og_type":"article","og_title":"Professionalitat - RESIDENCIA GERI\u00c1TRICA ROMA","og_description":"El nostre equip Comptem amb un equip altament qualificat i din\u00e0mic. La nostra filosofia de treball es basa en familiaritat, proximitat, empatia i atenci\u00f3 centrada a la persona. Andreu Palou Direcci\u00f3 Personalitat Intel\u00b7ligent, Clar, Racional Carme D\u00edaz Ger\u00e8ncia Personalitat Optimista, Social, Generosa Erika Ruiz Supervisora Personalitat Efica\u00e7, Emprenedora, Assertiva, Oberta Miracles Viso Supervisora Personalitat Efica\u00e7, [&hellip;]","og_url":"https:\/\/residenciaroma.com\/ca\/serveis\/professionalitat\/","og_site_name":"RESIDENCIA GERI\u00c1TRICA ROMA","article_modified_time":"2022-12-21T14:36:12+00:00","og_image":[{"url":"https:\/\/residenciaroma.com\/wp-content\/uploads\/2022\/11\/ANDRES-PALOU-DIRECCION.webp","type":"","width":"","height":""}],"twitter_card":"summary_large_image","twitter_misc":{"Temps estimat de lectura":"1 minut"},"schema":{"@context":"https:\/\/schema.org","@graph":[{"@type":"WebPage","@id":"https:\/\/residenciaroma.com\/ca\/serveis\/professionalitat\/","url":"https:\/\/residenciaroma.com\/ca\/serveis\/professionalitat\/","name":"Professionalitat - RESIDENCIA GERI\u00c1TRICA ROMA","isPartOf":{"@id":"https:\/\/residenciaroma.com\/#website"},"primaryImageOfPage":{"@id":"https:\/\/residenciaroma.com\/ca\/serveis\/professionalitat\/#primaryimage"},"image":{"@id":"https:\/\/residenciaroma.com\/ca\/serveis\/professionalitat\/#primaryimage"},"thumbnailUrl":"https:\/\/residenciaroma.com\/wp-content\/uploads\/2022\/11\/ANDRES-PALOU-DIRECCION.webp","datePublished":"2022-11-17T07:54:16+00:00","dateModified":"2022-12-21T14:36:12+00:00","breadcrumb":{"@id":"https:\/\/residenciaroma.com\/ca\/serveis\/professionalitat\/#breadcrumb"},"inLanguage":"ca","potentialAction":[{"@type":"ReadAction","target":["https:\/\/residenciaroma.com\/ca\/serveis\/professionalitat\/"]}]},{"@type":"ImageObject","inLanguage":"ca","@id":"https:\/\/residenciaroma.com\/ca\/serveis\/professionalitat\/#primaryimage","url":"https:\/\/residenciaroma.com\/wp-content\/uploads\/2022\/11\/ANDRES-PALOU-DIRECCION.webp","contentUrl":"https:\/\/residenciaroma.com\/wp-content\/uploads\/2022\/11\/ANDRES-PALOU-DIRECCION.webp"},{"@type":"BreadcrumbList","@id":"https:\/\/residenciaroma.com\/ca\/serveis\/professionalitat\/#breadcrumb","itemListElement":[{"@type":"ListItem","position":1,"name":"Portada","item":"https:\/\/residenciaroma.com\/ca\/"},{"@type":"ListItem","position":2,"name":"Serveis","item":"https:\/\/residenciaroma.com\/ca\/serveis\/"},{"@type":"ListItem","position":3,"name":"Professionalitat"}]},{"@type":"WebSite","@id":"https:\/\/residenciaroma.com\/#website","url":"https:\/\/residenciaroma.com\/","name":"RESIDENCIA GERI\u00c1TRICA ROMA","description":"Residencia para la tercera edad en Pallej\u00e0 (Barcelona). Atenci\u00f3n integral para los mayores.","publisher":{"@id":"https:\/\/residenciaroma.com\/#organization"},"potentialAction":[{"@type":"SearchAction","target":{"@type":"EntryPoint","urlTemplate":"https:\/\/residenciaroma.com\/?s={search_term_string}"},"query-input":{"@type":"PropertyValueSpecification","valueRequired":true,"valueName":"search_term_string"}}],"inLanguage":"ca"},{"@type":"Organization","@id":"https:\/\/residenciaroma.com\/#organization","name":"RESIDENCIA GERI\u00c1TRICA ROMA","url":"https:\/\/residenciaroma.com\/","logo":{"@type":"ImageObject","inLanguage":"ca","@id":"https:\/\/residenciaroma.com\/#\/schema\/logo\/image\/","url":"https:\/\/residenciaroma.com\/wp-content\/uploads\/2022\/11\/logo-residencia-roma-h.svg","contentUrl":"https:\/\/residenciaroma.com\/wp-content\/uploads\/2022\/11\/logo-residencia-roma-h.svg","width":240,"height":63,"caption":"RESIDENCIA GERI\u00c1TRICA ROMA"},"image":{"@id":"https:\/\/residenciaroma.com\/#\/schema\/logo\/image\/"}}]}},"_links":{"self":[{"href":"https:\/\/residenciaroma.com\/ca\/wp-json\/wp\/v2\/pages\/1271","targetHints":{"allow":["GET"]}}],"collection":[{"href":"https:\/\/residenciaroma.com\/ca\/wp-json\/wp\/v2\/pages"}],"about":[{"href":"https:\/\/residenciaroma.com\/ca\/wp-json\/wp\/v2\/types\/page"}],"author":[{"embeddable":true,"href":"https:\/\/residenciaroma.com\/ca\/wp-json\/wp\/v2\/users\/1"}],"replies":[{"embeddable":true,"href":"https:\/\/residenciaroma.com\/ca\/wp-json\/wp\/v2\/comments?post=1271"}],"version-history":[{"count":3,"href":"https:\/\/residenciaroma.com\/ca\/wp-json\/wp\/v2\/pages\/1271\/revisions"}],"predecessor-version":[{"id":1303,"href":"https:\/\/residenciaroma.com\/ca\/wp-json\/wp\/v2\/pages\/1271\/revisions\/1303"}],"up":[{"embeddable":true,"href":"https:\/\/residenciaroma.com\/ca\/wp-json\/wp\/v2\/pages\/1364"}],"wp:attachment":[{"href":"https:\/\/residenciaroma.com\/ca\/wp-json\/wp\/v2\/media?parent=1271"}],"curies":[{"name":"wp","href":"https:\/\/api.w.org\/{rel}","templated":true}]}}